{"id":113389,"date":"2022-08-31T13:38:19","date_gmt":"2022-08-31T11:38:19","guid":{"rendered":"https:\/\/dianasilver.hu\/termek\/silberne-acht-krallen-ohrringe-mit-weissem-stein\/"},"modified":"2026-03-10T00:21:45","modified_gmt":"2026-03-09T23:21:45","slug":"silberne-acht-krallen-ohrringe-mit-weissem-stein","status":"publish","type":"product","link":"https:\/\/dianasilver.com\/de\/termek\/silberne-acht-krallen-ohrringe-mit-weissem-stein\/","title":{"rendered":"Silberne Acht-Krallen-Ohrringe mit wei\u00dfem Stein"},"content":{"rendered":"<h2 data-start=\"291\" data-end=\"383\"><strong data-start=\"294\" data-end=\"381\">\ud83d\udc8e Acht Krallenohrringe mit silbernen wei\u00dfen Steinen &#8211; raffiniertes Funkeln und perfekter Halt<\/strong><\/h2>\n<p data-start=\"385\" data-end=\"651\">Diese atemberaubenden <strong data-start=\"400\" data-end=\"426\">Acht-Krallen-Ohrringe<\/strong> sind <strong data-start=\"427\" data-end=\"465\">aus 925er Sterlingsilber mit einer Rhodiumbeschichtung<\/strong> gefertigt, die ihren Glanz bewahrt und vor Verschlei\u00df sch\u00fctzt. Ein funkelnder wei\u00dfer Zirkoniastein in der Mitte verleiht diesem klassischen und doch modernen Schmuckst\u00fcck einen einzigartigen Glanz.<\/p>\n<p data-start=\"653\" data-end=\"702\">\u2728 <strong data-start=\"655\" data-end=\"700\">Was ist so besonders an der Acht-Klauen-Buchse?<\/strong><\/p>\n<ul data-start=\"703\" data-end=\"1027\">\n<li data-start=\"703\" data-end=\"822\"><strong data-start=\"705\" data-end=\"730\">Sichere Befestigung:<\/strong> Die Fassung mit acht Klauen h\u00e4lt den Stein fest an seinem Platz, so dass Sie sich keine Sorgen machen m\u00fcssen, dass er sich lockert.<\/li>\n<li data-start=\"823\" data-end=\"932\"><strong data-start=\"825\" data-end=\"855\">Maximale Reflexion:<\/strong> Das Design der Fassung l\u00e4sst den Stein aus allen Blickwinkeln leuchten.<\/li>\n<li data-start=\"933\" data-end=\"1027\"><strong data-start=\"935\" data-end=\"975\">Klassischer und doch moderner Look:<\/strong> ein klares Design, das zu jeder Gelegenheit passt.<\/li>\n<\/ul>\n<p data-start=\"1029\" data-end=\"1068\">\u2728 <strong data-start=\"1031\" data-end=\"1066\">Warum sollten Sie diesen Ohrring w\u00e4hlen?<\/strong><\/p>\n<ul data-start=\"1069\" data-end=\"1392\">\n<li data-start=\"1069\" data-end=\"1172\"><strong data-start=\"1071\" data-end=\"1091\">Premiumqualit\u00e4t:<\/strong> <strong data-start=\"1092\" data-end=\"1127\">AG 925 Silber mit Rhodiumbeschichtung<\/strong> f\u00fcr Haltbarkeit und lang anhaltenden Glanz.<\/li>\n<li data-start=\"1173\" data-end=\"1237\"><strong data-start=\"1175\" data-end=\"1206\">Funkelnder wei\u00dfer Zirkoniastein:<\/strong> brillanter und raffinierter Effekt.<\/li>\n<li data-start=\"1238\" data-end=\"1326\"><strong data-start=\"1240\" data-end=\"1277\">Sicher und bequem zu tragen:<\/strong> perfekt f\u00fcr den Alltag und die Freizeit.<\/li>\n<li data-start=\"1327\" data-end=\"1392\"><strong data-start=\"1329\" data-end=\"1348\">Zeitloser Stil:<\/strong> eine elegante Wahl f\u00fcr jedes Outfit.<\/li>\n<\/ul>\n<p data-start=\"1394\" data-end=\"1517\" data-is-last-node=\"\"><strong data-start=\"1397\" data-end=\"1515\">\ud83c\udf81 Anspruchsvoller Glamour, der f\u00fcr ewigen Wert steht! Das perfekte Geschenk, das in das Schmuckk\u00e4stchen einer jeden Frau geh\u00f6rt.<\/strong> \u2728<\/p>\n","protected":false},"excerpt":{"rendered":"<p><strong data-start=\"36\" data-end=\"80\">Acht Krallenohrringe mit wei\u00dfen Silbersteinen<\/strong> &#8211; brillante Eleganz und sicherer Halt in einem Schmuckst\u00fcck! \ud83d\udc8e\u2728 Der fein geschliffene wei\u00dfe Zirkoniastein und die robuste Fassung mit acht Krallen sorgen f\u00fcr ein zeitloses Funkeln.<\/p>\n","protected":false},"featured_media":97394,"template":"","meta":{"_acf_changed":false},"product_brand":[],"product_cat":[573],"product_tag":[527,650],"class_list":{"0":"post-113389","1":"product","2":"type-product","3":"status-publish","4":"has-post-thumbnail","6":"product_cat-silberne-ohrringe","7":"product_tag-silberschmuck-fur-damen","8":"product_tag-kinder-silberschmuck","9":"description-off","11":"first","12":"instock","13":"sale","14":"taxable","15":"shipping-taxable","16":"purchasable","17":"product-type-simple"},"acf":[],"yoast_head":"<!-- This site is optimized with the Yoast SEO plugin v27.4 - https:\/\/yoast.com\/product\/yoast-seo-wordpress\/ -->\n<title>Silberne Acht-Krallen-Ohrringe mit wei\u00dfem Stein | Diana Silver<\/title>\n<meta name=\"description\" content=\"Fedezd fel a leny\u0171g\u00f6z\u0151 Silberne Acht-Krallen-Ohrringe mit wei\u00dfem Stein \u00e9kszer\u00fcnket. T\u00f6k\u00e9letes kieg\u00e9sz\u00edt\u0151 mindennapi viselethez \u00e9s k\u00fcl\u00f6nleges alkalmakra egyar\u00e1nt. Rendeld meg most!\" \/>\n<meta name=\"robots\" content=\"index, follow, max-snippet:-1, max-image-preview:large, max-video-preview:-1\" \/>\n<link rel=\"canonical\" href=\"https:\/\/dianasilver.com\/de\/termek\/silberne-acht-krallen-ohrringe-mit-weissem-stein\/\" \/>\n<meta property=\"og:locale\" content=\"de_DE\" \/>\n<meta property=\"og:type\" content=\"article\" \/>\n<meta property=\"og:title\" content=\"Silberne Acht-Krallen-Ohrringe mit wei\u00dfem Stein | Diana Silver\" \/>\n<meta property=\"og:description\" content=\"Fedezd fel a leny\u0171g\u00f6z\u0151 Silberne Acht-Krallen-Ohrringe mit wei\u00dfem Stein \u00e9kszer\u00fcnket. T\u00f6k\u00e9letes kieg\u00e9sz\u00edt\u0151 mindennapi viselethez \u00e9s k\u00fcl\u00f6nleges alkalmakra egyar\u00e1nt. Rendeld meg most!\" \/>\n<meta property=\"og:url\" content=\"https:\/\/dianasilver.com\/de\/termek\/silberne-acht-krallen-ohrringe-mit-weissem-stein\/\" \/>\n<meta property=\"og:site_name\" content=\"Diana Silver\" \/>\n<meta property=\"article:publisher\" content=\"https:\/\/www.facebook.com\/profile.php?id=100027231325117\" \/>\n<meta property=\"article:modified_time\" content=\"2026-03-09T23:21:45+00:00\" \/>\n<meta property=\"og:image\" content=\"https:\/\/dianasilver.com\/wp-content\/uploads\/2022\/08\/ezust-feher-koves-nyolc-karmos-fulbevalo-2910.jpg\" \/>\n\t<meta property=\"og:image:width\" content=\"800\" \/>\n\t<meta property=\"og:image:height\" content=\"800\" \/>\n\t<meta property=\"og:image:type\" content=\"image\/jpeg\" \/>\n<meta name=\"twitter:card\" content=\"summary_large_image\" \/>\n<meta name=\"twitter:label1\" content=\"Gesch\u00e4tzte Lesezeit\" \/>\n\t<meta name=\"twitter:data1\" content=\"1\u00a0Minute\" \/>\n<script type=\"application\/ld+json\" class=\"yoast-schema-graph\">{\"@context\":\"https:\\\/\\\/schema.org\",\"@graph\":[{\"@type\":\"WebPage\",\"@id\":\"https:\\\/\\\/dianasilver.com\\\/de\\\/termek\\\/silberne-acht-krallen-ohrringe-mit-weissem-stein\\\/\",\"url\":\"https:\\\/\\\/dianasilver.com\\\/de\\\/termek\\\/silberne-acht-krallen-ohrringe-mit-weissem-stein\\\/\",\"name\":\"Silberne Acht-Krallen-Ohrringe mit wei\u00dfem Stein | Diana Silver\",\"isPartOf\":{\"@id\":\"https:\\\/\\\/dianasilver.com\\\/de\\\/#website\"},\"primaryImageOfPage\":{\"@id\":\"https:\\\/\\\/dianasilver.com\\\/de\\\/termek\\\/silberne-acht-krallen-ohrringe-mit-weissem-stein\\\/#primaryimage\"},\"image\":{\"@id\":\"https:\\\/\\\/dianasilver.com\\\/de\\\/termek\\\/silberne-acht-krallen-ohrringe-mit-weissem-stein\\\/#primaryimage\"},\"thumbnailUrl\":\"https:\\\/\\\/dianasilver.com\\\/wp-content\\\/uploads\\\/2022\\\/08\\\/ezust-feher-koves-nyolc-karmos-fulbevalo-2910.jpg\",\"datePublished\":\"2022-08-31T11:38:19+00:00\",\"dateModified\":\"2026-03-09T23:21:45+00:00\",\"description\":\"Fedezd fel a leny\u0171g\u00f6z\u0151 Silberne Acht-Krallen-Ohrringe mit wei\u00dfem Stein \u00e9kszer\u00fcnket. T\u00f6k\u00e9letes kieg\u00e9sz\u00edt\u0151 mindennapi viselethez \u00e9s k\u00fcl\u00f6nleges alkalmakra egyar\u00e1nt. Rendeld meg most!\",\"breadcrumb\":{\"@id\":\"https:\\\/\\\/dianasilver.com\\\/de\\\/termek\\\/silberne-acht-krallen-ohrringe-mit-weissem-stein\\\/#breadcrumb\"},\"inLanguage\":\"de\",\"potentialAction\":[{\"@type\":\"ReadAction\",\"target\":[\"https:\\\/\\\/dianasilver.com\\\/de\\\/termek\\\/silberne-acht-krallen-ohrringe-mit-weissem-stein\\\/\"]}]},{\"@type\":\"ImageObject\",\"inLanguage\":\"de\",\"@id\":\"https:\\\/\\\/dianasilver.com\\\/de\\\/termek\\\/silberne-acht-krallen-ohrringe-mit-weissem-stein\\\/#primaryimage\",\"url\":\"https:\\\/\\\/dianasilver.com\\\/wp-content\\\/uploads\\\/2022\\\/08\\\/ezust-feher-koves-nyolc-karmos-fulbevalo-2910.jpg\",\"contentUrl\":\"https:\\\/\\\/dianasilver.com\\\/wp-content\\\/uploads\\\/2022\\\/08\\\/ezust-feher-koves-nyolc-karmos-fulbevalo-2910.jpg\",\"width\":800,\"height\":800},{\"@type\":\"BreadcrumbList\",\"@id\":\"https:\\\/\\\/dianasilver.com\\\/de\\\/termek\\\/silberne-acht-krallen-ohrringe-mit-weissem-stein\\\/#breadcrumb\",\"itemListElement\":[{\"@type\":\"ListItem\",\"position\":1,\"name\":\"Kezd\u0151lap\",\"item\":\"https:\\\/\\\/dianasilver.com\\\/de\\\/diana-silver-silberschmuck-webshop\\\/\"},{\"@type\":\"ListItem\",\"position\":2,\"name\":\"Shop\",\"item\":\"https:\\\/\\\/dianasilver.com\\\/de\\\/shop\\\/\"},{\"@type\":\"ListItem\",\"position\":3,\"name\":\"Silberne Acht-Krallen-Ohrringe mit wei\u00dfem Stein\"}]},{\"@type\":\"WebSite\",\"@id\":\"https:\\\/\\\/dianasilver.com\\\/de\\\/#website\",\"url\":\"https:\\\/\\\/dianasilver.com\\\/de\\\/\",\"name\":\"Diana Silver\",\"description\":\"Tedd t\u00f6k\u00e9letesebb\u00e9 mindennapjaid a Diana Silver \u00e9kszereivel.\",\"publisher\":{\"@id\":\"https:\\\/\\\/dianasilver.com\\\/de\\\/#organization\"},\"alternateName\":\"Ez\u00fcst \u00c9kszer Web\u00e1ruh\u00e1z\",\"potentialAction\":[{\"@type\":\"SearchAction\",\"target\":{\"@type\":\"EntryPoint\",\"urlTemplate\":\"https:\\\/\\\/dianasilver.com\\\/de\\\/?s={search_term_string}\"},\"query-input\":{\"@type\":\"PropertyValueSpecification\",\"valueRequired\":true,\"valueName\":\"search_term_string\"}}],\"inLanguage\":\"de\"},{\"@type\":\"Organization\",\"@id\":\"https:\\\/\\\/dianasilver.com\\\/de\\\/#organization\",\"name\":\"Diana Silver\",\"url\":\"https:\\\/\\\/dianasilver.com\\\/de\\\/\",\"logo\":{\"@type\":\"ImageObject\",\"inLanguage\":\"de\",\"@id\":\"https:\\\/\\\/dianasilver.com\\\/de\\\/#\\\/schema\\\/logo\\\/image\\\/\",\"url\":\"https:\\\/\\\/dianasilver.com\\\/wp-content\\\/uploads\\\/2022\\\/08\\\/ezust-feher-1-koves-buttonos-stekkeres-fulbevalo-42.webp\",\"contentUrl\":\"https:\\\/\\\/dianasilver.com\\\/wp-content\\\/uploads\\\/2022\\\/08\\\/ezust-feher-1-koves-buttonos-stekkeres-fulbevalo-42.webp\",\"width\":300,\"height\":154,\"caption\":\"Diana Silver\"},\"image\":{\"@id\":\"https:\\\/\\\/dianasilver.com\\\/de\\\/#\\\/schema\\\/logo\\\/image\\\/\"},\"sameAs\":[\"https:\\\/\\\/www.facebook.com\\\/profile.php?id=100027231325117\"]}]}<\/script>\n<!-- \/ Yoast SEO plugin. -->","yoast_head_json":{"title":"Silberne Acht-Krallen-Ohrringe mit wei\u00dfem Stein | Diana Silver","description":"Fedezd fel a leny\u0171g\u00f6z\u0151 Silberne Acht-Krallen-Ohrringe mit wei\u00dfem Stein \u00e9kszer\u00fcnket. T\u00f6k\u00e9letes kieg\u00e9sz\u00edt\u0151 mindennapi viselethez \u00e9s k\u00fcl\u00f6nleges alkalmakra egyar\u00e1nt. Rendeld meg most!","robots":{"index":"index","follow":"follow","max-snippet":"max-snippet:-1","max-image-preview":"max-image-preview:large","max-video-preview":"max-video-preview:-1"},"canonical":"https:\/\/dianasilver.com\/de\/termek\/silberne-acht-krallen-ohrringe-mit-weissem-stein\/","og_locale":"de_DE","og_type":"article","og_title":"Silberne Acht-Krallen-Ohrringe mit wei\u00dfem Stein | Diana Silver","og_description":"Fedezd fel a leny\u0171g\u00f6z\u0151 Silberne Acht-Krallen-Ohrringe mit wei\u00dfem Stein \u00e9kszer\u00fcnket. T\u00f6k\u00e9letes kieg\u00e9sz\u00edt\u0151 mindennapi viselethez \u00e9s k\u00fcl\u00f6nleges alkalmakra egyar\u00e1nt. Rendeld meg most!","og_url":"https:\/\/dianasilver.com\/de\/termek\/silberne-acht-krallen-ohrringe-mit-weissem-stein\/","og_site_name":"Diana Silver","article_publisher":"https:\/\/www.facebook.com\/profile.php?id=100027231325117","article_modified_time":"2026-03-09T23:21:45+00:00","og_image":[{"width":800,"height":800,"url":"https:\/\/dianasilver.com\/wp-content\/uploads\/2022\/08\/ezust-feher-koves-nyolc-karmos-fulbevalo-2910.jpg","type":"image\/jpeg"}],"twitter_card":"summary_large_image","twitter_misc":{"Gesch\u00e4tzte Lesezeit":"1\u00a0Minute"},"schema":{"@context":"https:\/\/schema.org","@graph":[{"@type":"WebPage","@id":"https:\/\/dianasilver.com\/de\/termek\/silberne-acht-krallen-ohrringe-mit-weissem-stein\/","url":"https:\/\/dianasilver.com\/de\/termek\/silberne-acht-krallen-ohrringe-mit-weissem-stein\/","name":"Silberne Acht-Krallen-Ohrringe mit wei\u00dfem Stein | Diana Silver","isPartOf":{"@id":"https:\/\/dianasilver.com\/de\/#website"},"primaryImageOfPage":{"@id":"https:\/\/dianasilver.com\/de\/termek\/silberne-acht-krallen-ohrringe-mit-weissem-stein\/#primaryimage"},"image":{"@id":"https:\/\/dianasilver.com\/de\/termek\/silberne-acht-krallen-ohrringe-mit-weissem-stein\/#primaryimage"},"thumbnailUrl":"https:\/\/dianasilver.com\/wp-content\/uploads\/2022\/08\/ezust-feher-koves-nyolc-karmos-fulbevalo-2910.jpg","datePublished":"2022-08-31T11:38:19+00:00","dateModified":"2026-03-09T23:21:45+00:00","description":"Fedezd fel a leny\u0171g\u00f6z\u0151 Silberne Acht-Krallen-Ohrringe mit wei\u00dfem Stein \u00e9kszer\u00fcnket. T\u00f6k\u00e9letes kieg\u00e9sz\u00edt\u0151 mindennapi viselethez \u00e9s k\u00fcl\u00f6nleges alkalmakra egyar\u00e1nt. Rendeld meg most!","breadcrumb":{"@id":"https:\/\/dianasilver.com\/de\/termek\/silberne-acht-krallen-ohrringe-mit-weissem-stein\/#breadcrumb"},"inLanguage":"de","potentialAction":[{"@type":"ReadAction","target":["https:\/\/dianasilver.com\/de\/termek\/silberne-acht-krallen-ohrringe-mit-weissem-stein\/"]}]},{"@type":"ImageObject","inLanguage":"de","@id":"https:\/\/dianasilver.com\/de\/termek\/silberne-acht-krallen-ohrringe-mit-weissem-stein\/#primaryimage","url":"https:\/\/dianasilver.com\/wp-content\/uploads\/2022\/08\/ezust-feher-koves-nyolc-karmos-fulbevalo-2910.jpg","contentUrl":"https:\/\/dianasilver.com\/wp-content\/uploads\/2022\/08\/ezust-feher-koves-nyolc-karmos-fulbevalo-2910.jpg","width":800,"height":800},{"@type":"BreadcrumbList","@id":"https:\/\/dianasilver.com\/de\/termek\/silberne-acht-krallen-ohrringe-mit-weissem-stein\/#breadcrumb","itemListElement":[{"@type":"ListItem","position":1,"name":"Kezd\u0151lap","item":"https:\/\/dianasilver.com\/de\/diana-silver-silberschmuck-webshop\/"},{"@type":"ListItem","position":2,"name":"Shop","item":"https:\/\/dianasilver.com\/de\/shop\/"},{"@type":"ListItem","position":3,"name":"Silberne Acht-Krallen-Ohrringe mit wei\u00dfem Stein"}]},{"@type":"WebSite","@id":"https:\/\/dianasilver.com\/de\/#website","url":"https:\/\/dianasilver.com\/de\/","name":"Diana Silver","description":"Tedd t\u00f6k\u00e9letesebb\u00e9 mindennapjaid a Diana Silver \u00e9kszereivel.","publisher":{"@id":"https:\/\/dianasilver.com\/de\/#organization"},"alternateName":"Ez\u00fcst \u00c9kszer Web\u00e1ruh\u00e1z","potentialAction":[{"@type":"SearchAction","target":{"@type":"EntryPoint","urlTemplate":"https:\/\/dianasilver.com\/de\/?s={search_term_string}"},"query-input":{"@type":"PropertyValueSpecification","valueRequired":true,"valueName":"search_term_string"}}],"inLanguage":"de"},{"@type":"Organization","@id":"https:\/\/dianasilver.com\/de\/#organization","name":"Diana Silver","url":"https:\/\/dianasilver.com\/de\/","logo":{"@type":"ImageObject","inLanguage":"de","@id":"https:\/\/dianasilver.com\/de\/#\/schema\/logo\/image\/","url":"https:\/\/dianasilver.com\/wp-content\/uploads\/2022\/08\/ezust-feher-1-koves-buttonos-stekkeres-fulbevalo-42.webp","contentUrl":"https:\/\/dianasilver.com\/wp-content\/uploads\/2022\/08\/ezust-feher-1-koves-buttonos-stekkeres-fulbevalo-42.webp","width":300,"height":154,"caption":"Diana Silver"},"image":{"@id":"https:\/\/dianasilver.com\/de\/#\/schema\/logo\/image\/"},"sameAs":["https:\/\/www.facebook.com\/profile.php?id=100027231325117"]}]}},"_links":{"self":[{"href":"https:\/\/dianasilver.com\/de\/wp-json\/wp\/v2\/product\/113389","targetHints":{"allow":["GET"]}}],"collection":[{"href":"https:\/\/dianasilver.com\/de\/wp-json\/wp\/v2\/product"}],"about":[{"href":"https:\/\/dianasilver.com\/de\/wp-json\/wp\/v2\/types\/product"}],"version-history":[{"count":0,"href":"https:\/\/dianasilver.com\/de\/wp-json\/wp\/v2\/product\/113389\/revisions"}],"wp:featuredmedia":[{"embeddable":true,"href":"https:\/\/dianasilver.com\/de\/wp-json\/wp\/v2\/media\/97394"}],"wp:attachment":[{"href":"https:\/\/dianasilver.com\/de\/wp-json\/wp\/v2\/media?parent=113389"}],"wp:term":[{"taxonomy":"product_brand","embeddable":true,"href":"https:\/\/dianasilver.com\/de\/wp-json\/wp\/v2\/product_brand?post=113389"},{"taxonomy":"product_cat","embeddable":true,"href":"https:\/\/dianasilver.com\/de\/wp-json\/wp\/v2\/product_cat?post=113389"},{"taxonomy":"product_tag","embeddable":true,"href":"https:\/\/dianasilver.com\/de\/wp-json\/wp\/v2\/product_tag?post=113389"}],"curies":[{"name":"wp","href":"https:\/\/api.w.org\/{rel}","templated":true}]}}