{"id":113383,"date":"2022-08-31T13:38:18","date_gmt":"2022-08-31T11:38:18","guid":{"rendered":"https:\/\/dianasilver.hu\/termek\/silberne-malteserkreuz-ohrringe-mit-weissem-stein\/"},"modified":"2026-03-10T00:21:46","modified_gmt":"2026-03-09T23:21:46","slug":"silberne-malteserkreuz-ohrringe-mit-weissem-stein","status":"publish","type":"product","link":"https:\/\/dianasilver.com\/de\/termek\/silberne-malteserkreuz-ohrringe-mit-weissem-stein\/","title":{"rendered":"Silberne Malteserkreuz Ohrringe mit wei\u00dfem Stein"},"content":{"rendered":"<h2 data-start=\"287\" data-end=\"367\"><span style=\"vertical-align: inherit;\"><span style=\"vertical-align: inherit;\">\ud83d\udc8e <\/span><\/span><strong data-start=\"290\" data-end=\"365\"><span style=\"vertical-align: inherit;\"><span style=\"vertical-align: inherit;\">Silberne Malteserkreuz-Ohrringe mit wei\u00dfem Stein &#8211; ein Symbol f\u00fcr St\u00e4rke und Glauben<\/span><\/span><\/strong><\/h2>\n<p data-start=\"369\" data-end=\"680\"><span style=\"vertical-align: inherit;\"><span style=\"vertical-align: inherit;\">Diese besonderen <\/span><\/span><strong data-start=\"385\" data-end=\"415\"><span style=\"vertical-align: inherit;\"><span style=\"vertical-align: inherit;\">Malteserkreuz-Ohrringe <\/span><\/span><\/strong> <strong data-start=\"416\" data-end=\"454\"><span style=\"vertical-align: inherit;\"><span style=\"vertical-align: inherit;\">AG 925 Sterling Silber mit Rhodiumbeschichtung<\/span><\/span><\/strong><span style=\"vertical-align: inherit;\"><span style=\"vertical-align: inherit;\"> die nicht nur f\u00fcr einen dauerhaften Glanz sorgt, sondern auch vor Verf\u00e4rbungen sch\u00fctzt. Die feine Handwerkskunst und das Funkeln der wei\u00dfen Zirkoniasteine schaffen eine perfekte Harmonie zwischen Eleganz und historischer Symbolik.<\/span><\/span><\/p>\n<p data-start=\"682\" data-end=\"724\"><span style=\"vertical-align: inherit;\"><span style=\"vertical-align: inherit;\">\u271d\ufe0f <\/span><\/span><strong data-start=\"685\" data-end=\"722\"><span style=\"vertical-align: inherit;\"><span style=\"vertical-align: inherit;\">Was symbolisiert das Malteserkreuz?<\/span><\/span><\/strong><\/p>\n<ul data-start=\"725\" data-end=\"962\">\n<li data-start=\"725\" data-end=\"804\"><strong data-start=\"727\" data-end=\"757\"><span style=\"vertical-align: inherit;\"><span style=\"vertical-align: inherit;\">Mut und Schutz<\/span><\/span><\/strong><span style=\"vertical-align: inherit;\"><span style=\"vertical-align: inherit;\"> &#8211; ist seit Jahrhunderten ein Symbol f\u00fcr St\u00e4rke und Ausdauer.<\/span><\/span><\/li>\n<li data-start=\"805\" data-end=\"885\"><strong data-start=\"807\" data-end=\"835\"><span style=\"vertical-align: inherit;\"><span style=\"vertical-align: inherit;\">Glaube und Reinheit<\/span><\/span><\/strong><span style=\"vertical-align: inherit;\"><span style=\"vertical-align: inherit;\"> &#8211; ein spiritueller Wegweiser und ein Ausdruck des Gleichgewichts.<\/span><\/span><\/li>\n<li data-start=\"886\" data-end=\"962\"><strong data-start=\"888\" data-end=\"910\"><span style=\"vertical-align: inherit;\"><span style=\"vertical-align: inherit;\">Der zeitlose Stil<\/span><\/span><\/strong><span style=\"vertical-align: inherit;\"><span style=\"vertical-align: inherit;\"> &#8211; ein klassisches Motiv, das immer in Mode sein wird.<\/span><\/span><\/li>\n<\/ul>\n<p data-start=\"964\" data-end=\"1003\"><span style=\"vertical-align: inherit;\"><span style=\"vertical-align: inherit;\">\u2728 <\/span><\/span><strong data-start=\"966\" data-end=\"1001\"><span style=\"vertical-align: inherit;\"><span style=\"vertical-align: inherit;\">Warum sollten Sie diesen Ohrring w\u00e4hlen?<\/span><\/span><\/strong><\/p>\n<ul data-start=\"1004\" data-end=\"1333\">\n<li data-start=\"1004\" data-end=\"1094\"><strong data-start=\"1006\" data-end=\"1026\"><span style=\"vertical-align: inherit;\"><span style=\"vertical-align: inherit;\">Hochwertige Qualit\u00e4t: <\/span><\/span><\/strong> <strong data-start=\"1027\" data-end=\"1062\"><span style=\"vertical-align: inherit;\"><span style=\"vertical-align: inherit;\">AG 925 Silber, rhodiniert<\/span><\/span><\/strong><span style=\"vertical-align: inherit;\"><span style=\"vertical-align: inherit;\"> f\u00fcr einen lang anhaltenden Glanz.<\/span><\/span><\/li>\n<li data-start=\"1095\" data-end=\"1158\"><strong data-start=\"1097\" data-end=\"1124\"><span style=\"vertical-align: inherit;\"><span style=\"vertical-align: inherit;\">Malteserkreuz-Motiv:<\/span><\/span><\/strong><span style=\"vertical-align: inherit;\"><span style=\"vertical-align: inherit;\"> Ein symbolischer und eleganter Look.<\/span><\/span><\/li>\n<li data-start=\"1159\" data-end=\"1232\"><strong data-start=\"1161\" data-end=\"1195\"><span style=\"vertical-align: inherit;\"><span style=\"vertical-align: inherit;\">Funkelnde wei\u00dfe Zirkoniasteine:<\/span><\/span><\/strong><span style=\"vertical-align: inherit;\"><span style=\"vertical-align: inherit;\"> Ein dezentes Funkeln f\u00fcr jeden Moment.<\/span><\/span><\/li>\n<li data-start=\"1233\" data-end=\"1333\"><strong data-start=\"1235\" data-end=\"1257\"><span style=\"vertical-align: inherit;\"><span style=\"vertical-align: inherit;\">Bequem zu tragen:<\/span><\/span><\/strong><span style=\"vertical-align: inherit;\"><span style=\"vertical-align: inherit;\"> Leicht und stilvoll, perfekt als allt\u00e4gliches oder l\u00e4ssiges Accessoire.<\/span><\/span><\/li>\n<\/ul>\n<p data-start=\"1335\" data-end=\"1437\" data-is-last-node=\"\"><span style=\"vertical-align: inherit;\"><span style=\"vertical-align: inherit;\">\ud83c\udf81 <\/span><\/span><strong data-start=\"1338\" data-end=\"1433\"><span style=\"vertical-align: inherit;\"><span style=\"vertical-align: inherit;\">Das perfekte Geschenk f\u00fcr alle, die St\u00e4rke, Vertrauen und raffinierte Eleganz sch\u00e4tzen!<\/span><\/span><\/strong><span style=\"vertical-align: inherit;\"><span style=\"vertical-align: inherit;\"> \u271d\ufe0f\u2728<\/span><\/span><\/p>\n","protected":false},"excerpt":{"rendered":"<p><span style=\"vertical-align: inherit;\"><span style=\"vertical-align: inherit;\">\u271d\ufe0f <\/span><\/span><strong data-start=\"39\" data-end=\"87\"><span style=\"vertical-align: inherit;\"><span style=\"vertical-align: inherit;\">Silberne Malteserkreuz-Ohrringe mit wei\u00dfen Steinen<\/span><\/span><\/strong><span style=\"vertical-align: inherit;\"><span style=\"vertical-align: inherit;\"> &#8211; ein zeitloses Symbol kombiniert mit Eleganz! Das detailreiche Design und die funkelnden wei\u00dfen Zirkoniasteine machen dieses Schmuckst\u00fcck zu etwas ganz Besonderem.<\/span><\/span><\/p>\n","protected":false},"featured_media":101669,"template":"","meta":{"_acf_changed":false},"product_brand":[],"product_cat":[574,573],"product_tag":[527,576],"class_list":{"0":"post-113383","1":"product","2":"type-product","3":"status-publish","4":"has-post-thumbnail","6":"product_cat-kreuzohrringe","7":"product_cat-silberne-ohrringe","8":"product_tag-silberschmuck-fur-damen","9":"product_tag-spirituell","10":"description-off","12":"first","13":"instock","14":"sale","15":"taxable","16":"shipping-taxable","17":"purchasable","18":"product-type-simple"},"acf":[],"yoast_head":"<!-- This site is optimized with the Yoast SEO plugin v27.4 - https:\/\/yoast.com\/product\/yoast-seo-wordpress\/ -->\n<title>Silberne Malteserkreuz Ohrringe mit wei\u00dfem Stein | Diana Silver<\/title>\n<meta name=\"description\" content=\"Fedezd fel a leny\u0171g\u00f6z\u0151 Silberne Malteserkreuz Ohrringe mit wei\u00dfem Stein \u00e9kszer\u00fcnket. T\u00f6k\u00e9letes kieg\u00e9sz\u00edt\u0151 mindennapi viselethez \u00e9s k\u00fcl\u00f6nleges alkalmakra egyar\u00e1nt. Rendeld meg most!\" \/>\n<meta name=\"robots\" content=\"index, follow, max-snippet:-1, max-image-preview:large, max-video-preview:-1\" \/>\n<link rel=\"canonical\" href=\"https:\/\/dianasilver.com\/de\/termek\/silberne-malteserkreuz-ohrringe-mit-weissem-stein\/\" \/>\n<meta property=\"og:locale\" content=\"de_DE\" \/>\n<meta property=\"og:type\" content=\"article\" \/>\n<meta property=\"og:title\" content=\"Silberne Malteserkreuz Ohrringe mit wei\u00dfem Stein | Diana Silver\" \/>\n<meta property=\"og:description\" content=\"Fedezd fel a leny\u0171g\u00f6z\u0151 Silberne Malteserkreuz Ohrringe mit wei\u00dfem Stein \u00e9kszer\u00fcnket. T\u00f6k\u00e9letes kieg\u00e9sz\u00edt\u0151 mindennapi viselethez \u00e9s k\u00fcl\u00f6nleges alkalmakra egyar\u00e1nt. Rendeld meg most!\" \/>\n<meta property=\"og:url\" content=\"https:\/\/dianasilver.com\/de\/termek\/silberne-malteserkreuz-ohrringe-mit-weissem-stein\/\" \/>\n<meta property=\"og:site_name\" content=\"Diana Silver\" \/>\n<meta property=\"article:publisher\" content=\"https:\/\/www.facebook.com\/profile.php?id=100027231325117\" \/>\n<meta property=\"article:modified_time\" content=\"2026-03-09T23:21:46+00:00\" \/>\n<meta property=\"og:image\" content=\"https:\/\/dianasilver.com\/wp-content\/uploads\/2022\/08\/ezust-maltai-keresztes-feher-koves-fulbevalo-101667.jpg\" \/>\n\t<meta property=\"og:image:width\" content=\"800\" \/>\n\t<meta property=\"og:image:height\" content=\"800\" \/>\n\t<meta property=\"og:image:type\" content=\"image\/jpeg\" \/>\n<meta name=\"twitter:card\" content=\"summary_large_image\" \/>\n<meta name=\"twitter:label1\" content=\"Gesch\u00e4tzte Lesezeit\" \/>\n\t<meta name=\"twitter:data1\" content=\"1\u00a0Minute\" \/>\n<script type=\"application\/ld+json\" class=\"yoast-schema-graph\">{\"@context\":\"https:\\\/\\\/schema.org\",\"@graph\":[{\"@type\":\"WebPage\",\"@id\":\"https:\\\/\\\/dianasilver.com\\\/de\\\/termek\\\/silberne-malteserkreuz-ohrringe-mit-weissem-stein\\\/\",\"url\":\"https:\\\/\\\/dianasilver.com\\\/de\\\/termek\\\/silberne-malteserkreuz-ohrringe-mit-weissem-stein\\\/\",\"name\":\"Silberne Malteserkreuz Ohrringe mit wei\u00dfem Stein | Diana Silver\",\"isPartOf\":{\"@id\":\"https:\\\/\\\/dianasilver.com\\\/de\\\/#website\"},\"primaryImageOfPage\":{\"@id\":\"https:\\\/\\\/dianasilver.com\\\/de\\\/termek\\\/silberne-malteserkreuz-ohrringe-mit-weissem-stein\\\/#primaryimage\"},\"image\":{\"@id\":\"https:\\\/\\\/dianasilver.com\\\/de\\\/termek\\\/silberne-malteserkreuz-ohrringe-mit-weissem-stein\\\/#primaryimage\"},\"thumbnailUrl\":\"https:\\\/\\\/dianasilver.com\\\/wp-content\\\/uploads\\\/2022\\\/08\\\/ezust-maltai-keresztes-feher-koves-fulbevalo-101667.jpg\",\"datePublished\":\"2022-08-31T11:38:18+00:00\",\"dateModified\":\"2026-03-09T23:21:46+00:00\",\"description\":\"Fedezd fel a leny\u0171g\u00f6z\u0151 Silberne Malteserkreuz Ohrringe mit wei\u00dfem Stein \u00e9kszer\u00fcnket. T\u00f6k\u00e9letes kieg\u00e9sz\u00edt\u0151 mindennapi viselethez \u00e9s k\u00fcl\u00f6nleges alkalmakra egyar\u00e1nt. Rendeld meg most!\",\"breadcrumb\":{\"@id\":\"https:\\\/\\\/dianasilver.com\\\/de\\\/termek\\\/silberne-malteserkreuz-ohrringe-mit-weissem-stein\\\/#breadcrumb\"},\"inLanguage\":\"de\",\"potentialAction\":[{\"@type\":\"ReadAction\",\"target\":[\"https:\\\/\\\/dianasilver.com\\\/de\\\/termek\\\/silberne-malteserkreuz-ohrringe-mit-weissem-stein\\\/\"]}]},{\"@type\":\"ImageObject\",\"inLanguage\":\"de\",\"@id\":\"https:\\\/\\\/dianasilver.com\\\/de\\\/termek\\\/silberne-malteserkreuz-ohrringe-mit-weissem-stein\\\/#primaryimage\",\"url\":\"https:\\\/\\\/dianasilver.com\\\/wp-content\\\/uploads\\\/2022\\\/08\\\/ezust-maltai-keresztes-feher-koves-fulbevalo-101667.jpg\",\"contentUrl\":\"https:\\\/\\\/dianasilver.com\\\/wp-content\\\/uploads\\\/2022\\\/08\\\/ezust-maltai-keresztes-feher-koves-fulbevalo-101667.jpg\",\"width\":800,\"height\":800},{\"@type\":\"BreadcrumbList\",\"@id\":\"https:\\\/\\\/dianasilver.com\\\/de\\\/termek\\\/silberne-malteserkreuz-ohrringe-mit-weissem-stein\\\/#breadcrumb\",\"itemListElement\":[{\"@type\":\"ListItem\",\"position\":1,\"name\":\"Kezd\u0151lap\",\"item\":\"https:\\\/\\\/dianasilver.com\\\/de\\\/diana-silver-silberschmuck-webshop\\\/\"},{\"@type\":\"ListItem\",\"position\":2,\"name\":\"Shop\",\"item\":\"https:\\\/\\\/dianasilver.com\\\/de\\\/shop\\\/\"},{\"@type\":\"ListItem\",\"position\":3,\"name\":\"Silberne Malteserkreuz Ohrringe mit wei\u00dfem Stein\"}]},{\"@type\":\"WebSite\",\"@id\":\"https:\\\/\\\/dianasilver.com\\\/de\\\/#website\",\"url\":\"https:\\\/\\\/dianasilver.com\\\/de\\\/\",\"name\":\"Diana Silver\",\"description\":\"Tedd t\u00f6k\u00e9letesebb\u00e9 mindennapjaid a Diana Silver \u00e9kszereivel.\",\"publisher\":{\"@id\":\"https:\\\/\\\/dianasilver.com\\\/de\\\/#organization\"},\"alternateName\":\"Ez\u00fcst \u00c9kszer Web\u00e1ruh\u00e1z\",\"potentialAction\":[{\"@type\":\"SearchAction\",\"target\":{\"@type\":\"EntryPoint\",\"urlTemplate\":\"https:\\\/\\\/dianasilver.com\\\/de\\\/?s={search_term_string}\"},\"query-input\":{\"@type\":\"PropertyValueSpecification\",\"valueRequired\":true,\"valueName\":\"search_term_string\"}}],\"inLanguage\":\"de\"},{\"@type\":\"Organization\",\"@id\":\"https:\\\/\\\/dianasilver.com\\\/de\\\/#organization\",\"name\":\"Diana Silver\",\"url\":\"https:\\\/\\\/dianasilver.com\\\/de\\\/\",\"logo\":{\"@type\":\"ImageObject\",\"inLanguage\":\"de\",\"@id\":\"https:\\\/\\\/dianasilver.com\\\/de\\\/#\\\/schema\\\/logo\\\/image\\\/\",\"url\":\"https:\\\/\\\/dianasilver.com\\\/wp-content\\\/uploads\\\/2022\\\/08\\\/ezust-feher-1-koves-buttonos-stekkeres-fulbevalo-42.webp\",\"contentUrl\":\"https:\\\/\\\/dianasilver.com\\\/wp-content\\\/uploads\\\/2022\\\/08\\\/ezust-feher-1-koves-buttonos-stekkeres-fulbevalo-42.webp\",\"width\":300,\"height\":154,\"caption\":\"Diana Silver\"},\"image\":{\"@id\":\"https:\\\/\\\/dianasilver.com\\\/de\\\/#\\\/schema\\\/logo\\\/image\\\/\"},\"sameAs\":[\"https:\\\/\\\/www.facebook.com\\\/profile.php?id=100027231325117\"]}]}<\/script>\n<!-- \/ Yoast SEO plugin. -->","yoast_head_json":{"title":"Silberne Malteserkreuz Ohrringe mit wei\u00dfem Stein | Diana Silver","description":"Fedezd fel a leny\u0171g\u00f6z\u0151 Silberne Malteserkreuz Ohrringe mit wei\u00dfem Stein \u00e9kszer\u00fcnket. T\u00f6k\u00e9letes kieg\u00e9sz\u00edt\u0151 mindennapi viselethez \u00e9s k\u00fcl\u00f6nleges alkalmakra egyar\u00e1nt. Rendeld meg most!","robots":{"index":"index","follow":"follow","max-snippet":"max-snippet:-1","max-image-preview":"max-image-preview:large","max-video-preview":"max-video-preview:-1"},"canonical":"https:\/\/dianasilver.com\/de\/termek\/silberne-malteserkreuz-ohrringe-mit-weissem-stein\/","og_locale":"de_DE","og_type":"article","og_title":"Silberne Malteserkreuz Ohrringe mit wei\u00dfem Stein | Diana Silver","og_description":"Fedezd fel a leny\u0171g\u00f6z\u0151 Silberne Malteserkreuz Ohrringe mit wei\u00dfem Stein \u00e9kszer\u00fcnket. T\u00f6k\u00e9letes kieg\u00e9sz\u00edt\u0151 mindennapi viselethez \u00e9s k\u00fcl\u00f6nleges alkalmakra egyar\u00e1nt. Rendeld meg most!","og_url":"https:\/\/dianasilver.com\/de\/termek\/silberne-malteserkreuz-ohrringe-mit-weissem-stein\/","og_site_name":"Diana Silver","article_publisher":"https:\/\/www.facebook.com\/profile.php?id=100027231325117","article_modified_time":"2026-03-09T23:21:46+00:00","og_image":[{"width":800,"height":800,"url":"https:\/\/dianasilver.com\/wp-content\/uploads\/2022\/08\/ezust-maltai-keresztes-feher-koves-fulbevalo-101667.jpg","type":"image\/jpeg"}],"twitter_card":"summary_large_image","twitter_misc":{"Gesch\u00e4tzte Lesezeit":"1\u00a0Minute"},"schema":{"@context":"https:\/\/schema.org","@graph":[{"@type":"WebPage","@id":"https:\/\/dianasilver.com\/de\/termek\/silberne-malteserkreuz-ohrringe-mit-weissem-stein\/","url":"https:\/\/dianasilver.com\/de\/termek\/silberne-malteserkreuz-ohrringe-mit-weissem-stein\/","name":"Silberne Malteserkreuz Ohrringe mit wei\u00dfem Stein | Diana Silver","isPartOf":{"@id":"https:\/\/dianasilver.com\/de\/#website"},"primaryImageOfPage":{"@id":"https:\/\/dianasilver.com\/de\/termek\/silberne-malteserkreuz-ohrringe-mit-weissem-stein\/#primaryimage"},"image":{"@id":"https:\/\/dianasilver.com\/de\/termek\/silberne-malteserkreuz-ohrringe-mit-weissem-stein\/#primaryimage"},"thumbnailUrl":"https:\/\/dianasilver.com\/wp-content\/uploads\/2022\/08\/ezust-maltai-keresztes-feher-koves-fulbevalo-101667.jpg","datePublished":"2022-08-31T11:38:18+00:00","dateModified":"2026-03-09T23:21:46+00:00","description":"Fedezd fel a leny\u0171g\u00f6z\u0151 Silberne Malteserkreuz Ohrringe mit wei\u00dfem Stein \u00e9kszer\u00fcnket. T\u00f6k\u00e9letes kieg\u00e9sz\u00edt\u0151 mindennapi viselethez \u00e9s k\u00fcl\u00f6nleges alkalmakra egyar\u00e1nt. Rendeld meg most!","breadcrumb":{"@id":"https:\/\/dianasilver.com\/de\/termek\/silberne-malteserkreuz-ohrringe-mit-weissem-stein\/#breadcrumb"},"inLanguage":"de","potentialAction":[{"@type":"ReadAction","target":["https:\/\/dianasilver.com\/de\/termek\/silberne-malteserkreuz-ohrringe-mit-weissem-stein\/"]}]},{"@type":"ImageObject","inLanguage":"de","@id":"https:\/\/dianasilver.com\/de\/termek\/silberne-malteserkreuz-ohrringe-mit-weissem-stein\/#primaryimage","url":"https:\/\/dianasilver.com\/wp-content\/uploads\/2022\/08\/ezust-maltai-keresztes-feher-koves-fulbevalo-101667.jpg","contentUrl":"https:\/\/dianasilver.com\/wp-content\/uploads\/2022\/08\/ezust-maltai-keresztes-feher-koves-fulbevalo-101667.jpg","width":800,"height":800},{"@type":"BreadcrumbList","@id":"https:\/\/dianasilver.com\/de\/termek\/silberne-malteserkreuz-ohrringe-mit-weissem-stein\/#breadcrumb","itemListElement":[{"@type":"ListItem","position":1,"name":"Kezd\u0151lap","item":"https:\/\/dianasilver.com\/de\/diana-silver-silberschmuck-webshop\/"},{"@type":"ListItem","position":2,"name":"Shop","item":"https:\/\/dianasilver.com\/de\/shop\/"},{"@type":"ListItem","position":3,"name":"Silberne Malteserkreuz Ohrringe mit wei\u00dfem Stein"}]},{"@type":"WebSite","@id":"https:\/\/dianasilver.com\/de\/#website","url":"https:\/\/dianasilver.com\/de\/","name":"Diana Silver","description":"Tedd t\u00f6k\u00e9letesebb\u00e9 mindennapjaid a Diana Silver \u00e9kszereivel.","publisher":{"@id":"https:\/\/dianasilver.com\/de\/#organization"},"alternateName":"Ez\u00fcst \u00c9kszer Web\u00e1ruh\u00e1z","potentialAction":[{"@type":"SearchAction","target":{"@type":"EntryPoint","urlTemplate":"https:\/\/dianasilver.com\/de\/?s={search_term_string}"},"query-input":{"@type":"PropertyValueSpecification","valueRequired":true,"valueName":"search_term_string"}}],"inLanguage":"de"},{"@type":"Organization","@id":"https:\/\/dianasilver.com\/de\/#organization","name":"Diana Silver","url":"https:\/\/dianasilver.com\/de\/","logo":{"@type":"ImageObject","inLanguage":"de","@id":"https:\/\/dianasilver.com\/de\/#\/schema\/logo\/image\/","url":"https:\/\/dianasilver.com\/wp-content\/uploads\/2022\/08\/ezust-feher-1-koves-buttonos-stekkeres-fulbevalo-42.webp","contentUrl":"https:\/\/dianasilver.com\/wp-content\/uploads\/2022\/08\/ezust-feher-1-koves-buttonos-stekkeres-fulbevalo-42.webp","width":300,"height":154,"caption":"Diana Silver"},"image":{"@id":"https:\/\/dianasilver.com\/de\/#\/schema\/logo\/image\/"},"sameAs":["https:\/\/www.facebook.com\/profile.php?id=100027231325117"]}]}},"_links":{"self":[{"href":"https:\/\/dianasilver.com\/de\/wp-json\/wp\/v2\/product\/113383","targetHints":{"allow":["GET"]}}],"collection":[{"href":"https:\/\/dianasilver.com\/de\/wp-json\/wp\/v2\/product"}],"about":[{"href":"https:\/\/dianasilver.com\/de\/wp-json\/wp\/v2\/types\/product"}],"version-history":[{"count":0,"href":"https:\/\/dianasilver.com\/de\/wp-json\/wp\/v2\/product\/113383\/revisions"}],"wp:featuredmedia":[{"embeddable":true,"href":"https:\/\/dianasilver.com\/de\/wp-json\/wp\/v2\/media\/101669"}],"wp:attachment":[{"href":"https:\/\/dianasilver.com\/de\/wp-json\/wp\/v2\/media?parent=113383"}],"wp:term":[{"taxonomy":"product_brand","embeddable":true,"href":"https:\/\/dianasilver.com\/de\/wp-json\/wp\/v2\/product_brand?post=113383"},{"taxonomy":"product_cat","embeddable":true,"href":"https:\/\/dianasilver.com\/de\/wp-json\/wp\/v2\/product_cat?post=113383"},{"taxonomy":"product_tag","embeddable":true,"href":"https:\/\/dianasilver.com\/de\/wp-json\/wp\/v2\/product_tag?post=113383"}],"curies":[{"name":"wp","href":"https:\/\/api.w.org\/{rel}","templated":true}]}}