{"id":113313,"date":"2022-08-31T13:21:50","date_gmt":"2022-08-31T11:21:50","guid":{"rendered":"https:\/\/dianasilver.hu\/termek\/silberne-kette-mit-integriertem-anhaenger-aus-weissem-stein\/"},"modified":"2026-01-16T17:50:52","modified_gmt":"2026-01-16T16:50:52","slug":"silberne-kette-mit-integriertem-anhaenger-aus-weissem-stein","status":"publish","type":"product","link":"https:\/\/dianasilver.com\/de\/termek\/silberne-kette-mit-integriertem-anhaenger-aus-weissem-stein\/","title":{"rendered":"Silberne Kette mit integriertem Anh\u00e4nger aus wei\u00dfem Stein"},"content":{"rendered":"<h2 data-start=\"307\" data-end=\"442\">\ud83d\udc8e <strong data-start=\"343\" data-end=\"440\">Silberne Kette mit abschnittsweise eingebettetem Anh\u00e4nger aus wei\u00dfem Stein &#8211; modernes Design trifft auf Glamour<\/strong><\/h2>\n<p data-start=\"444\" data-end=\"842\">Diese <strong data-start=\"450\" data-end=\"482\">Halskette aus 925er Sterlingsilber von AG mit<\/strong> ihrem klaren, <strong data-start=\"495\" data-end=\"523\">gegliederten Design<\/strong> und den <strong data-start=\"527\" data-end=\"564\">eingebetteten wei\u00dfen Zirkoniasteinen<\/strong> strahlt eine besondere Eleganz aus. Die filigran platzierten Steine verleihen dem Schmuck ein brillantes Funkeln, w\u00e4hrend das <strong data-start=\"677\" data-end=\"701\">einzigartige Design<\/strong> ihm einen modernen und raffinierten Look verleiht. Die <strong data-start=\"747\" data-end=\"765\">Rhodiumbeschichtung<\/strong> sch\u00fctzt den Schmuck vor Verf\u00e4rbungen, so dass er seine Sch\u00f6nheit \u00fcber lange Zeit bewahrt.<\/p>\n<p data-start=\"844\" data-end=\"898\">\ud83d\udcab <strong data-start=\"847\" data-end=\"896\">Was symbolisiert das unterbrochene Steinmuster?<\/strong><\/p>\n<ul data-start=\"899\" data-end=\"1126\">\n<li data-start=\"899\" data-end=\"968\">Er repr\u00e4sentiert die perfekte Harmonie von <strong data-start=\"903\" data-end=\"933\">Kontinuit\u00e4t und Harmonie<\/strong>.<\/li>\n<li data-start=\"969\" data-end=\"1049\"><strong data-start=\"973\" data-end=\"998\">Der Glanz der wei\u00dfen Steine<\/strong> suggeriert Reinheit und zeitlose Eleganz.<\/li>\n<li data-start=\"1050\" data-end=\"1126\">Das <strong data-start=\"1054\" data-end=\"1081\">moderne Einbaudesign<\/strong> steht f\u00fcr einen anspruchsvollen und klaren Stil.<\/li>\n<\/ul>\n<p data-start=\"1128\" data-end=\"1165\">\u2728 <strong data-start=\"1130\" data-end=\"1163\">Warum diesen Schmuck w\u00e4hlen?<\/strong><\/p>\n<ul data-start=\"1166\" data-end=\"1496\">\n<li data-start=\"1166\" data-end=\"1251\"><strong data-start=\"1168\" data-end=\"1188\">Premiumqualit\u00e4t:<\/strong> <strong data-start=\"1189\" data-end=\"1224\">AG 925 Silber mit Rhodiumbeschichtung<\/strong> f\u00fcr lang anhaltenden Glanz.<\/li>\n<li data-start=\"1252\" data-end=\"1333\"><strong data-start=\"1254\" data-end=\"1279\">Einzigartiges Design:<\/strong> spezielle Gliederkette mit moderner Steinverzierung.<\/li>\n<li data-start=\"1334\" data-end=\"1406\"><strong data-start=\"1336\" data-end=\"1369\">Brillante wei\u00dfe Zirkoniasteine:<\/strong> unterstreichen die Sch\u00f6nheit der Kette auf subtile Weise.<\/li>\n<li data-start=\"1407\" data-end=\"1496\"><strong data-start=\"1409\" data-end=\"1431\">Vielseitig tragbar:<\/strong> ein schlankes und klares Design, das zu jeder Gelegenheit passt.<\/li>\n<\/ul>\n<p data-start=\"1498\" data-end=\"1689\">\ud83c\udf81 <strong data-start=\"1501\" data-end=\"1557\">Das perfekte Geschenk f\u00fcr Ihre Lieben oder f\u00fcr Sie selbst!<\/strong><br data-start=\"1557\" data-end=\"1560\">Diese besondere Silberkette wird ihre Tr\u00e4gerin nicht nur durch ihr einzigartiges Design, sondern auch durch <strong data-start=\"1624\" data-end=\"1663\">ihre Eleganz und Raffinesse<\/strong> beeindrucken.<\/p>\n<p data-start=\"1691\" data-end=\"1767\" data-is-last-node=\"\">\ud83d\udcab <strong data-start=\"1694\" data-end=\"1765\">Lassen Sie modernen Stil und Glamour Ihren Look vervollst\u00e4ndigen!<\/strong> \u2728<\/p>\n","protected":false},"excerpt":{"rendered":"<p>\ud83d\udc8e <strong data-start=\"35\" data-end=\"134\">Silberne Halskette mit wei\u00dfem Steinanh\u00e4nger &#8211; moderne Eleganz und raffinierter Glamour<\/strong><br data-start=\"134\" data-end=\"137\">Das einzigartige Design der Kette und die wei\u00dfen Zirkoniasteine schaffen ein harmonisches Gleichgewicht, perfekt f\u00fcr den Alltag und die Freizeit.<\/p>\n","protected":false},"featured_media":96422,"template":"","meta":{"_acf_changed":false},"product_brand":[],"product_cat":[679],"product_tag":[527],"class_list":{"0":"post-113313","1":"product","2":"type-product","3":"status-publish","4":"has-post-thumbnail","6":"product_cat-silberne-halskette-mit-anhanger","7":"product_tag-silberschmuck-fur-damen","8":"description-off","10":"first","11":"instock","12":"taxable","13":"shipping-taxable","14":"purchasable","15":"product-type-simple"},"acf":[],"yoast_head":"<!-- This site is optimized with the Yoast SEO plugin v27.4 - https:\/\/yoast.com\/product\/yoast-seo-wordpress\/ -->\n<title>Silberne Kette mit integriertem Anh\u00e4nger aus wei\u00dfem Stein | Diana Silver<\/title>\n<meta name=\"description\" content=\"Fedezd fel a leny\u0171g\u00f6z\u0151 Silberne Kette mit integriertem Anh\u00e4nger aus wei\u00dfem Stein \u00e9kszer\u00fcnket. T\u00f6k\u00e9letes kieg\u00e9sz\u00edt\u0151 mindennapi viselethez \u00e9s k\u00fcl\u00f6nleges alkalmakra egyar\u00e1nt. Rendeld meg most!\" \/>\n<meta name=\"robots\" content=\"index, follow, max-snippet:-1, max-image-preview:large, max-video-preview:-1\" \/>\n<link rel=\"canonical\" href=\"https:\/\/dianasilver.com\/de\/termek\/silberne-kette-mit-integriertem-anhaenger-aus-weissem-stein\/\" \/>\n<meta property=\"og:locale\" content=\"de_DE\" \/>\n<meta property=\"og:type\" content=\"article\" \/>\n<meta property=\"og:title\" content=\"Silberne Kette mit integriertem Anh\u00e4nger aus wei\u00dfem Stein | Diana Silver\" \/>\n<meta property=\"og:description\" content=\"Fedezd fel a leny\u0171g\u00f6z\u0151 Silberne Kette mit integriertem Anh\u00e4nger aus wei\u00dfem Stein \u00e9kszer\u00fcnket. T\u00f6k\u00e9letes kieg\u00e9sz\u00edt\u0151 mindennapi viselethez \u00e9s k\u00fcl\u00f6nleges alkalmakra egyar\u00e1nt. Rendeld meg most!\" \/>\n<meta property=\"og:url\" content=\"https:\/\/dianasilver.com\/de\/termek\/silberne-kette-mit-integriertem-anhaenger-aus-weissem-stein\/\" \/>\n<meta property=\"og:site_name\" content=\"Diana Silver\" \/>\n<meta property=\"article:publisher\" content=\"https:\/\/www.facebook.com\/profile.php?id=100027231325117\" \/>\n<meta property=\"article:modified_time\" content=\"2026-01-16T16:50:52+00:00\" \/>\n<meta property=\"og:image\" content=\"https:\/\/dianasilver.com\/wp-content\/uploads\/2022\/08\/ezust-lanc-szakaszos-feher-koves-beepitett-medallal-1936.jpg\" \/>\n\t<meta property=\"og:image:width\" content=\"800\" \/>\n\t<meta property=\"og:image:height\" content=\"800\" \/>\n\t<meta property=\"og:image:type\" content=\"image\/jpeg\" \/>\n<meta name=\"twitter:card\" content=\"summary_large_image\" \/>\n<meta name=\"twitter:label1\" content=\"Gesch\u00e4tzte Lesezeit\" \/>\n\t<meta name=\"twitter:data1\" content=\"1\u00a0Minute\" \/>\n<script type=\"application\/ld+json\" class=\"yoast-schema-graph\">{\"@context\":\"https:\\\/\\\/schema.org\",\"@graph\":[{\"@type\":\"WebPage\",\"@id\":\"https:\\\/\\\/dianasilver.com\\\/de\\\/termek\\\/silberne-kette-mit-integriertem-anhaenger-aus-weissem-stein\\\/\",\"url\":\"https:\\\/\\\/dianasilver.com\\\/de\\\/termek\\\/silberne-kette-mit-integriertem-anhaenger-aus-weissem-stein\\\/\",\"name\":\"Silberne Kette mit integriertem Anh\u00e4nger aus wei\u00dfem Stein | Diana Silver\",\"isPartOf\":{\"@id\":\"https:\\\/\\\/dianasilver.com\\\/de\\\/#website\"},\"primaryImageOfPage\":{\"@id\":\"https:\\\/\\\/dianasilver.com\\\/de\\\/termek\\\/silberne-kette-mit-integriertem-anhaenger-aus-weissem-stein\\\/#primaryimage\"},\"image\":{\"@id\":\"https:\\\/\\\/dianasilver.com\\\/de\\\/termek\\\/silberne-kette-mit-integriertem-anhaenger-aus-weissem-stein\\\/#primaryimage\"},\"thumbnailUrl\":\"https:\\\/\\\/dianasilver.com\\\/wp-content\\\/uploads\\\/2022\\\/08\\\/ezust-lanc-szakaszos-feher-koves-beepitett-medallal-1936.jpg\",\"datePublished\":\"2022-08-31T11:21:50+00:00\",\"dateModified\":\"2026-01-16T16:50:52+00:00\",\"description\":\"Fedezd fel a leny\u0171g\u00f6z\u0151 Silberne Kette mit integriertem Anh\u00e4nger aus wei\u00dfem Stein \u00e9kszer\u00fcnket. T\u00f6k\u00e9letes kieg\u00e9sz\u00edt\u0151 mindennapi viselethez \u00e9s k\u00fcl\u00f6nleges alkalmakra egyar\u00e1nt. Rendeld meg most!\",\"breadcrumb\":{\"@id\":\"https:\\\/\\\/dianasilver.com\\\/de\\\/termek\\\/silberne-kette-mit-integriertem-anhaenger-aus-weissem-stein\\\/#breadcrumb\"},\"inLanguage\":\"de\",\"potentialAction\":[{\"@type\":\"ReadAction\",\"target\":[\"https:\\\/\\\/dianasilver.com\\\/de\\\/termek\\\/silberne-kette-mit-integriertem-anhaenger-aus-weissem-stein\\\/\"]}]},{\"@type\":\"ImageObject\",\"inLanguage\":\"de\",\"@id\":\"https:\\\/\\\/dianasilver.com\\\/de\\\/termek\\\/silberne-kette-mit-integriertem-anhaenger-aus-weissem-stein\\\/#primaryimage\",\"url\":\"https:\\\/\\\/dianasilver.com\\\/wp-content\\\/uploads\\\/2022\\\/08\\\/ezust-lanc-szakaszos-feher-koves-beepitett-medallal-1936.jpg\",\"contentUrl\":\"https:\\\/\\\/dianasilver.com\\\/wp-content\\\/uploads\\\/2022\\\/08\\\/ezust-lanc-szakaszos-feher-koves-beepitett-medallal-1936.jpg\",\"width\":800,\"height\":800},{\"@type\":\"BreadcrumbList\",\"@id\":\"https:\\\/\\\/dianasilver.com\\\/de\\\/termek\\\/silberne-kette-mit-integriertem-anhaenger-aus-weissem-stein\\\/#breadcrumb\",\"itemListElement\":[{\"@type\":\"ListItem\",\"position\":1,\"name\":\"Kezd\u0151lap\",\"item\":\"https:\\\/\\\/dianasilver.com\\\/de\\\/diana-silver-silberschmuck-webshop\\\/\"},{\"@type\":\"ListItem\",\"position\":2,\"name\":\"Shop\",\"item\":\"https:\\\/\\\/dianasilver.com\\\/de\\\/shop\\\/\"},{\"@type\":\"ListItem\",\"position\":3,\"name\":\"Silberne Kette mit integriertem Anh\u00e4nger aus wei\u00dfem Stein\"}]},{\"@type\":\"WebSite\",\"@id\":\"https:\\\/\\\/dianasilver.com\\\/de\\\/#website\",\"url\":\"https:\\\/\\\/dianasilver.com\\\/de\\\/\",\"name\":\"Diana Silver\",\"description\":\"Tedd t\u00f6k\u00e9letesebb\u00e9 mindennapjaid a Diana Silver \u00e9kszereivel.\",\"publisher\":{\"@id\":\"https:\\\/\\\/dianasilver.com\\\/de\\\/#organization\"},\"alternateName\":\"Ez\u00fcst \u00c9kszer Web\u00e1ruh\u00e1z\",\"potentialAction\":[{\"@type\":\"SearchAction\",\"target\":{\"@type\":\"EntryPoint\",\"urlTemplate\":\"https:\\\/\\\/dianasilver.com\\\/de\\\/?s={search_term_string}\"},\"query-input\":{\"@type\":\"PropertyValueSpecification\",\"valueRequired\":true,\"valueName\":\"search_term_string\"}}],\"inLanguage\":\"de\"},{\"@type\":\"Organization\",\"@id\":\"https:\\\/\\\/dianasilver.com\\\/de\\\/#organization\",\"name\":\"Diana Silver\",\"url\":\"https:\\\/\\\/dianasilver.com\\\/de\\\/\",\"logo\":{\"@type\":\"ImageObject\",\"inLanguage\":\"de\",\"@id\":\"https:\\\/\\\/dianasilver.com\\\/de\\\/#\\\/schema\\\/logo\\\/image\\\/\",\"url\":\"https:\\\/\\\/dianasilver.com\\\/wp-content\\\/uploads\\\/2022\\\/08\\\/ezust-feher-1-koves-buttonos-stekkeres-fulbevalo-42.webp\",\"contentUrl\":\"https:\\\/\\\/dianasilver.com\\\/wp-content\\\/uploads\\\/2022\\\/08\\\/ezust-feher-1-koves-buttonos-stekkeres-fulbevalo-42.webp\",\"width\":300,\"height\":154,\"caption\":\"Diana Silver\"},\"image\":{\"@id\":\"https:\\\/\\\/dianasilver.com\\\/de\\\/#\\\/schema\\\/logo\\\/image\\\/\"},\"sameAs\":[\"https:\\\/\\\/www.facebook.com\\\/profile.php?id=100027231325117\"]}]}<\/script>\n<!-- \/ Yoast SEO plugin. -->","yoast_head_json":{"title":"Silberne Kette mit integriertem Anh\u00e4nger aus wei\u00dfem Stein | Diana Silver","description":"Fedezd fel a leny\u0171g\u00f6z\u0151 Silberne Kette mit integriertem Anh\u00e4nger aus wei\u00dfem Stein \u00e9kszer\u00fcnket. T\u00f6k\u00e9letes kieg\u00e9sz\u00edt\u0151 mindennapi viselethez \u00e9s k\u00fcl\u00f6nleges alkalmakra egyar\u00e1nt. Rendeld meg most!","robots":{"index":"index","follow":"follow","max-snippet":"max-snippet:-1","max-image-preview":"max-image-preview:large","max-video-preview":"max-video-preview:-1"},"canonical":"https:\/\/dianasilver.com\/de\/termek\/silberne-kette-mit-integriertem-anhaenger-aus-weissem-stein\/","og_locale":"de_DE","og_type":"article","og_title":"Silberne Kette mit integriertem Anh\u00e4nger aus wei\u00dfem Stein | Diana Silver","og_description":"Fedezd fel a leny\u0171g\u00f6z\u0151 Silberne Kette mit integriertem Anh\u00e4nger aus wei\u00dfem Stein \u00e9kszer\u00fcnket. T\u00f6k\u00e9letes kieg\u00e9sz\u00edt\u0151 mindennapi viselethez \u00e9s k\u00fcl\u00f6nleges alkalmakra egyar\u00e1nt. Rendeld meg most!","og_url":"https:\/\/dianasilver.com\/de\/termek\/silberne-kette-mit-integriertem-anhaenger-aus-weissem-stein\/","og_site_name":"Diana Silver","article_publisher":"https:\/\/www.facebook.com\/profile.php?id=100027231325117","article_modified_time":"2026-01-16T16:50:52+00:00","og_image":[{"width":800,"height":800,"url":"https:\/\/dianasilver.com\/wp-content\/uploads\/2022\/08\/ezust-lanc-szakaszos-feher-koves-beepitett-medallal-1936.jpg","type":"image\/jpeg"}],"twitter_card":"summary_large_image","twitter_misc":{"Gesch\u00e4tzte Lesezeit":"1\u00a0Minute"},"schema":{"@context":"https:\/\/schema.org","@graph":[{"@type":"WebPage","@id":"https:\/\/dianasilver.com\/de\/termek\/silberne-kette-mit-integriertem-anhaenger-aus-weissem-stein\/","url":"https:\/\/dianasilver.com\/de\/termek\/silberne-kette-mit-integriertem-anhaenger-aus-weissem-stein\/","name":"Silberne Kette mit integriertem Anh\u00e4nger aus wei\u00dfem Stein | Diana Silver","isPartOf":{"@id":"https:\/\/dianasilver.com\/de\/#website"},"primaryImageOfPage":{"@id":"https:\/\/dianasilver.com\/de\/termek\/silberne-kette-mit-integriertem-anhaenger-aus-weissem-stein\/#primaryimage"},"image":{"@id":"https:\/\/dianasilver.com\/de\/termek\/silberne-kette-mit-integriertem-anhaenger-aus-weissem-stein\/#primaryimage"},"thumbnailUrl":"https:\/\/dianasilver.com\/wp-content\/uploads\/2022\/08\/ezust-lanc-szakaszos-feher-koves-beepitett-medallal-1936.jpg","datePublished":"2022-08-31T11:21:50+00:00","dateModified":"2026-01-16T16:50:52+00:00","description":"Fedezd fel a leny\u0171g\u00f6z\u0151 Silberne Kette mit integriertem Anh\u00e4nger aus wei\u00dfem Stein \u00e9kszer\u00fcnket. T\u00f6k\u00e9letes kieg\u00e9sz\u00edt\u0151 mindennapi viselethez \u00e9s k\u00fcl\u00f6nleges alkalmakra egyar\u00e1nt. Rendeld meg most!","breadcrumb":{"@id":"https:\/\/dianasilver.com\/de\/termek\/silberne-kette-mit-integriertem-anhaenger-aus-weissem-stein\/#breadcrumb"},"inLanguage":"de","potentialAction":[{"@type":"ReadAction","target":["https:\/\/dianasilver.com\/de\/termek\/silberne-kette-mit-integriertem-anhaenger-aus-weissem-stein\/"]}]},{"@type":"ImageObject","inLanguage":"de","@id":"https:\/\/dianasilver.com\/de\/termek\/silberne-kette-mit-integriertem-anhaenger-aus-weissem-stein\/#primaryimage","url":"https:\/\/dianasilver.com\/wp-content\/uploads\/2022\/08\/ezust-lanc-szakaszos-feher-koves-beepitett-medallal-1936.jpg","contentUrl":"https:\/\/dianasilver.com\/wp-content\/uploads\/2022\/08\/ezust-lanc-szakaszos-feher-koves-beepitett-medallal-1936.jpg","width":800,"height":800},{"@type":"BreadcrumbList","@id":"https:\/\/dianasilver.com\/de\/termek\/silberne-kette-mit-integriertem-anhaenger-aus-weissem-stein\/#breadcrumb","itemListElement":[{"@type":"ListItem","position":1,"name":"Kezd\u0151lap","item":"https:\/\/dianasilver.com\/de\/diana-silver-silberschmuck-webshop\/"},{"@type":"ListItem","position":2,"name":"Shop","item":"https:\/\/dianasilver.com\/de\/shop\/"},{"@type":"ListItem","position":3,"name":"Silberne Kette mit integriertem Anh\u00e4nger aus wei\u00dfem Stein"}]},{"@type":"WebSite","@id":"https:\/\/dianasilver.com\/de\/#website","url":"https:\/\/dianasilver.com\/de\/","name":"Diana Silver","description":"Tedd t\u00f6k\u00e9letesebb\u00e9 mindennapjaid a Diana Silver \u00e9kszereivel.","publisher":{"@id":"https:\/\/dianasilver.com\/de\/#organization"},"alternateName":"Ez\u00fcst \u00c9kszer Web\u00e1ruh\u00e1z","potentialAction":[{"@type":"SearchAction","target":{"@type":"EntryPoint","urlTemplate":"https:\/\/dianasilver.com\/de\/?s={search_term_string}"},"query-input":{"@type":"PropertyValueSpecification","valueRequired":true,"valueName":"search_term_string"}}],"inLanguage":"de"},{"@type":"Organization","@id":"https:\/\/dianasilver.com\/de\/#organization","name":"Diana Silver","url":"https:\/\/dianasilver.com\/de\/","logo":{"@type":"ImageObject","inLanguage":"de","@id":"https:\/\/dianasilver.com\/de\/#\/schema\/logo\/image\/","url":"https:\/\/dianasilver.com\/wp-content\/uploads\/2022\/08\/ezust-feher-1-koves-buttonos-stekkeres-fulbevalo-42.webp","contentUrl":"https:\/\/dianasilver.com\/wp-content\/uploads\/2022\/08\/ezust-feher-1-koves-buttonos-stekkeres-fulbevalo-42.webp","width":300,"height":154,"caption":"Diana Silver"},"image":{"@id":"https:\/\/dianasilver.com\/de\/#\/schema\/logo\/image\/"},"sameAs":["https:\/\/www.facebook.com\/profile.php?id=100027231325117"]}]}},"_links":{"self":[{"href":"https:\/\/dianasilver.com\/de\/wp-json\/wp\/v2\/product\/113313","targetHints":{"allow":["GET"]}}],"collection":[{"href":"https:\/\/dianasilver.com\/de\/wp-json\/wp\/v2\/product"}],"about":[{"href":"https:\/\/dianasilver.com\/de\/wp-json\/wp\/v2\/types\/product"}],"version-history":[{"count":0,"href":"https:\/\/dianasilver.com\/de\/wp-json\/wp\/v2\/product\/113313\/revisions"}],"wp:featuredmedia":[{"embeddable":true,"href":"https:\/\/dianasilver.com\/de\/wp-json\/wp\/v2\/media\/96422"}],"wp:attachment":[{"href":"https:\/\/dianasilver.com\/de\/wp-json\/wp\/v2\/media?parent=113313"}],"wp:term":[{"taxonomy":"product_brand","embeddable":true,"href":"https:\/\/dianasilver.com\/de\/wp-json\/wp\/v2\/product_brand?post=113313"},{"taxonomy":"product_cat","embeddable":true,"href":"https:\/\/dianasilver.com\/de\/wp-json\/wp\/v2\/product_cat?post=113313"},{"taxonomy":"product_tag","embeddable":true,"href":"https:\/\/dianasilver.com\/de\/wp-json\/wp\/v2\/product_tag?post=113313"}],"curies":[{"name":"wp","href":"https:\/\/api.w.org\/{rel}","templated":true}]}}