{"id":113308,"date":"2022-08-31T12:39:14","date_gmt":"2022-08-31T10:39:14","guid":{"rendered":"https:\/\/dianasilver.hu\/termek\/silberner-glaenzender-breiter-verstellbarer-ring\/"},"modified":"2026-01-16T17:50:17","modified_gmt":"2026-01-16T16:50:17","slug":"silberner-glaenzender-breiter-verstellbarer-ring","status":"publish","type":"product","link":"https:\/\/dianasilver.com\/de\/termek\/silberner-glaenzender-breiter-verstellbarer-ring\/","title":{"rendered":"Silberner gl\u00e4nzender breiter verstellbarer Ring"},"content":{"rendered":"<h2 data-start=\"350\" data-end=\"441\"><strong data-start=\"353\" data-end=\"439\">Ania Haie &#8222;Glow&#8220; breiter verstellbarer Silberring &#8211; modernes Design und zeitlose Eleganz<\/strong><\/h2>\n<p data-start=\"443\" data-end=\"717\">Entdecken Sie die raffinierte, minimalistische Schmuckkollektion von <strong data-start=\"457\" data-end=\"470\">Ania Haie<\/strong> mit diesem eleganten <strong data-start=\"531\" data-end=\"560\">breiten, verstellbaren Ring<\/strong>! Der <strong data-start=\"565\" data-end=\"593\">aus 925er Sterling AG<\/strong> gefertigte Ring ist rhodiniert, um ihn vor Abnutzung und Verf\u00e4rbung zu sch\u00fctzen und seinen brillanten Glanz zu bewahren.<\/p>\n<p data-start=\"719\" data-end=\"755\">\u2728 <strong data-start=\"721\" data-end=\"753\">Was macht diesen Ring so besonders?<\/strong><\/p>\n<ul data-start=\"756\" data-end=\"1305\">\n<li data-start=\"756\" data-end=\"845\"><strong data-start=\"758\" data-end=\"778\">Premiumqualit\u00e4t: <\/strong> <strong data-start=\"779\" data-end=\"795\">AG 925 Silber<\/strong> mit Rhodiumbeschichtung f\u00fcr lang anhaltenden Glanz.<\/li>\n<li data-start=\"846\" data-end=\"931\"><strong data-start=\"848\" data-end=\"874\">Breites, modernes Design:<\/strong> ein sauberer und dennoch auff\u00e4lliger Look f\u00fcr jede Gelegenheit.<\/li>\n<li data-start=\"932\" data-end=\"1083\"><strong data-start=\"934\" data-end=\"954\">Einstellbar:<\/strong> Der Innendurchmesser des Rings kann zwischen <strong data-start=\"978\" data-end=\"998\">16 mm und 18,5 mm<\/strong> eingestellt werden, so dass er perfekt in die Gr\u00f6\u00dfen <strong data-start=\"1049\" data-end=\"1069\">US 5,5 und US 8,5<\/strong> passt <strong data-start=\"1049\" data-end=\"1069\">.<\/strong> <\/li>\n<li data-start=\"1084\" data-end=\"1203\"><strong data-start=\"1086\" data-end=\"1108\">Bequem zu tragen:<\/strong> Die Ringbreite <strong data-start=\"1111\" data-end=\"1122\">von 6 mm<\/strong> verleiht einen modernen und modischen Look, ohne sich schwer anzuf\u00fchlen.<\/li>\n<li data-start=\"1204\" data-end=\"1305\"><strong data-start=\"1206\" data-end=\"1230\">Raffinierter Glanz:<\/strong> Der saubere, polierte Look ist elegant und zeitlos.<\/li>\n<\/ul>\n<p data-start=\"1307\" data-end=\"1507\">\ud83d\udc96 <strong data-start=\"1310\" data-end=\"1349\">Warum sollten Sie sich f\u00fcr den Ring von Ania Haie entscheiden<\/strong><br data-start=\"1349\" data-end=\"1352\"><strong data-start=\"1355\" data-end=\"1368\">Ania Haie<\/strong> ist eine renommierte Premium-Schmuckmarke, die moderne und zeitlose St\u00fccke anbietet, die perfekt auf die heutigen Modetrends abgestimmt sind.<\/p>\n<p data-start=\"1509\" data-end=\"1674\"><strong data-start=\"1512\" data-end=\"1550\">\ud83c\udf81 Ein stilvolles Geschenk f\u00fcr jeden Anlass!<\/strong><br data-start=\"1550\" data-end=\"1553\">Dieser breite Ring ist das ideale Geschenk f\u00fcr alle, die eleganten und dennoch dezenten modernen Schmuck lieben.<\/p>\n<p data-start=\"1676\" data-end=\"1752\" data-is-last-node=\"\">\u2728 <strong data-start=\"1678\" data-end=\"1752\" data-is-last-node=\"\">Vervollst\u00e4ndigen Sie Ihren Look mit diesem schlichten und raffinierten Ring!<\/strong><\/p>\n","protected":false},"excerpt":{"rendered":"<p><strong data-start=\"39\" data-end=\"129\">Ania Haie &#8222;Glow&#8220; breiter verstellbarer Silberring &#8211; moderner Stil und raffinierte Eleganz!<\/strong> \u2728<\/p>\n<p>Dieser minimalistische <strong data-start=\"152\" data-end=\"174\">breite Ring aus<\/strong> Sterlingsilber mit Rhodiumbeschichtung und <strong data-start=\"217\" data-end=\"239\">verstellbarer Gr\u00f6\u00dfe<\/strong> ist die perfekte Wahl f\u00fcr alle, die stilvollen und bequemen Tragekomfort lieben.<\/p>\n","protected":false},"featured_media":94998,"template":"","meta":{"_acf_changed":false},"product_brand":[],"product_cat":[611],"product_tag":[],"class_list":{"0":"post-113308","1":"product","2":"type-product","3":"status-publish","4":"has-post-thumbnail","6":"product_cat-silberne-ringe","7":"description-off","9":"first","10":"outofstock","11":"taxable","12":"shipping-taxable","13":"purchasable","14":"product-type-simple"},"acf":[],"yoast_head":"<!-- This site is optimized with the Yoast SEO plugin v27.4 - https:\/\/yoast.com\/product\/yoast-seo-wordpress\/ -->\n<title>Silberner gl\u00e4nzender breiter verstellbarer Ring | Diana Silver<\/title>\n<meta name=\"description\" content=\"Fedezd fel a leny\u0171g\u00f6z\u0151 Silberner gl\u00e4nzender breiter verstellbarer Ring \u00e9kszer\u00fcnket. T\u00f6k\u00e9letes kieg\u00e9sz\u00edt\u0151 mindennapi viselethez \u00e9s k\u00fcl\u00f6nleges alkalmakra egyar\u00e1nt. Rendeld meg most!\" \/>\n<meta name=\"robots\" content=\"index, follow, max-snippet:-1, max-image-preview:large, max-video-preview:-1\" \/>\n<link rel=\"canonical\" href=\"https:\/\/dianasilver.com\/de\/termek\/silberner-glaenzender-breiter-verstellbarer-ring\/\" \/>\n<meta property=\"og:locale\" content=\"de_DE\" \/>\n<meta property=\"og:type\" content=\"article\" \/>\n<meta property=\"og:title\" content=\"Silberner gl\u00e4nzender breiter verstellbarer Ring | Diana Silver\" \/>\n<meta property=\"og:description\" content=\"Fedezd fel a leny\u0171g\u00f6z\u0151 Silberner gl\u00e4nzender breiter verstellbarer Ring \u00e9kszer\u00fcnket. T\u00f6k\u00e9letes kieg\u00e9sz\u00edt\u0151 mindennapi viselethez \u00e9s k\u00fcl\u00f6nleges alkalmakra egyar\u00e1nt. Rendeld meg most!\" \/>\n<meta property=\"og:url\" content=\"https:\/\/dianasilver.com\/de\/termek\/silberner-glaenzender-breiter-verstellbarer-ring\/\" \/>\n<meta property=\"og:site_name\" content=\"Diana Silver\" \/>\n<meta property=\"article:publisher\" content=\"https:\/\/www.facebook.com\/profile.php?id=100027231325117\" \/>\n<meta property=\"article:modified_time\" content=\"2026-01-16T16:50:17+00:00\" \/>\n<meta property=\"og:image\" content=\"https:\/\/dianasilver.com\/wp-content\/uploads\/2022\/08\/ezust-fenyu-szeles-allithato-gyuru-1-scaled.jpg\" \/>\n\t<meta property=\"og:image:width\" content=\"800\" \/>\n\t<meta property=\"og:image:height\" content=\"800\" \/>\n\t<meta property=\"og:image:type\" content=\"image\/jpeg\" \/>\n<meta name=\"twitter:card\" content=\"summary_large_image\" \/>\n<meta name=\"twitter:label1\" content=\"Gesch\u00e4tzte Lesezeit\" \/>\n\t<meta name=\"twitter:data1\" content=\"1\u00a0Minute\" \/>\n<script type=\"application\/ld+json\" class=\"yoast-schema-graph\">{\"@context\":\"https:\\\/\\\/schema.org\",\"@graph\":[{\"@type\":\"WebPage\",\"@id\":\"https:\\\/\\\/dianasilver.com\\\/de\\\/termek\\\/silberner-glaenzender-breiter-verstellbarer-ring\\\/\",\"url\":\"https:\\\/\\\/dianasilver.com\\\/de\\\/termek\\\/silberner-glaenzender-breiter-verstellbarer-ring\\\/\",\"name\":\"Silberner gl\u00e4nzender breiter verstellbarer Ring | Diana Silver\",\"isPartOf\":{\"@id\":\"https:\\\/\\\/dianasilver.com\\\/de\\\/#website\"},\"primaryImageOfPage\":{\"@id\":\"https:\\\/\\\/dianasilver.com\\\/de\\\/termek\\\/silberner-glaenzender-breiter-verstellbarer-ring\\\/#primaryimage\"},\"image\":{\"@id\":\"https:\\\/\\\/dianasilver.com\\\/de\\\/termek\\\/silberner-glaenzender-breiter-verstellbarer-ring\\\/#primaryimage\"},\"thumbnailUrl\":\"https:\\\/\\\/dianasilver.com\\\/wp-content\\\/uploads\\\/2022\\\/08\\\/ezust-fenyu-szeles-allithato-gyuru-1-scaled.jpg\",\"datePublished\":\"2022-08-31T10:39:14+00:00\",\"dateModified\":\"2026-01-16T16:50:17+00:00\",\"description\":\"Fedezd fel a leny\u0171g\u00f6z\u0151 Silberner gl\u00e4nzender breiter verstellbarer Ring \u00e9kszer\u00fcnket. T\u00f6k\u00e9letes kieg\u00e9sz\u00edt\u0151 mindennapi viselethez \u00e9s k\u00fcl\u00f6nleges alkalmakra egyar\u00e1nt. Rendeld meg most!\",\"breadcrumb\":{\"@id\":\"https:\\\/\\\/dianasilver.com\\\/de\\\/termek\\\/silberner-glaenzender-breiter-verstellbarer-ring\\\/#breadcrumb\"},\"inLanguage\":\"de\",\"potentialAction\":[{\"@type\":\"ReadAction\",\"target\":[\"https:\\\/\\\/dianasilver.com\\\/de\\\/termek\\\/silberner-glaenzender-breiter-verstellbarer-ring\\\/\"]}]},{\"@type\":\"ImageObject\",\"inLanguage\":\"de\",\"@id\":\"https:\\\/\\\/dianasilver.com\\\/de\\\/termek\\\/silberner-glaenzender-breiter-verstellbarer-ring\\\/#primaryimage\",\"url\":\"https:\\\/\\\/dianasilver.com\\\/wp-content\\\/uploads\\\/2022\\\/08\\\/ezust-fenyu-szeles-allithato-gyuru-1-scaled.jpg\",\"contentUrl\":\"https:\\\/\\\/dianasilver.com\\\/wp-content\\\/uploads\\\/2022\\\/08\\\/ezust-fenyu-szeles-allithato-gyuru-1-scaled.jpg\",\"width\":800,\"height\":800},{\"@type\":\"BreadcrumbList\",\"@id\":\"https:\\\/\\\/dianasilver.com\\\/de\\\/termek\\\/silberner-glaenzender-breiter-verstellbarer-ring\\\/#breadcrumb\",\"itemListElement\":[{\"@type\":\"ListItem\",\"position\":1,\"name\":\"Kezd\u0151lap\",\"item\":\"https:\\\/\\\/dianasilver.com\\\/de\\\/diana-silver-silberschmuck-webshop\\\/\"},{\"@type\":\"ListItem\",\"position\":2,\"name\":\"Shop\",\"item\":\"https:\\\/\\\/dianasilver.com\\\/de\\\/shop\\\/\"},{\"@type\":\"ListItem\",\"position\":3,\"name\":\"Silberner gl\u00e4nzender breiter verstellbarer Ring\"}]},{\"@type\":\"WebSite\",\"@id\":\"https:\\\/\\\/dianasilver.com\\\/de\\\/#website\",\"url\":\"https:\\\/\\\/dianasilver.com\\\/de\\\/\",\"name\":\"Diana Silver\",\"description\":\"Tedd t\u00f6k\u00e9letesebb\u00e9 mindennapjaid a Diana Silver \u00e9kszereivel.\",\"publisher\":{\"@id\":\"https:\\\/\\\/dianasilver.com\\\/de\\\/#organization\"},\"alternateName\":\"Ez\u00fcst \u00c9kszer Web\u00e1ruh\u00e1z\",\"potentialAction\":[{\"@type\":\"SearchAction\",\"target\":{\"@type\":\"EntryPoint\",\"urlTemplate\":\"https:\\\/\\\/dianasilver.com\\\/de\\\/?s={search_term_string}\"},\"query-input\":{\"@type\":\"PropertyValueSpecification\",\"valueRequired\":true,\"valueName\":\"search_term_string\"}}],\"inLanguage\":\"de\"},{\"@type\":\"Organization\",\"@id\":\"https:\\\/\\\/dianasilver.com\\\/de\\\/#organization\",\"name\":\"Diana Silver\",\"url\":\"https:\\\/\\\/dianasilver.com\\\/de\\\/\",\"logo\":{\"@type\":\"ImageObject\",\"inLanguage\":\"de\",\"@id\":\"https:\\\/\\\/dianasilver.com\\\/de\\\/#\\\/schema\\\/logo\\\/image\\\/\",\"url\":\"https:\\\/\\\/dianasilver.com\\\/wp-content\\\/uploads\\\/2022\\\/08\\\/ezust-feher-1-koves-buttonos-stekkeres-fulbevalo-42.webp\",\"contentUrl\":\"https:\\\/\\\/dianasilver.com\\\/wp-content\\\/uploads\\\/2022\\\/08\\\/ezust-feher-1-koves-buttonos-stekkeres-fulbevalo-42.webp\",\"width\":300,\"height\":154,\"caption\":\"Diana Silver\"},\"image\":{\"@id\":\"https:\\\/\\\/dianasilver.com\\\/de\\\/#\\\/schema\\\/logo\\\/image\\\/\"},\"sameAs\":[\"https:\\\/\\\/www.facebook.com\\\/profile.php?id=100027231325117\"]}]}<\/script>\n<!-- \/ Yoast SEO plugin. -->","yoast_head_json":{"title":"Silberner gl\u00e4nzender breiter verstellbarer Ring | Diana Silver","description":"Fedezd fel a leny\u0171g\u00f6z\u0151 Silberner gl\u00e4nzender breiter verstellbarer Ring \u00e9kszer\u00fcnket. T\u00f6k\u00e9letes kieg\u00e9sz\u00edt\u0151 mindennapi viselethez \u00e9s k\u00fcl\u00f6nleges alkalmakra egyar\u00e1nt. Rendeld meg most!","robots":{"index":"index","follow":"follow","max-snippet":"max-snippet:-1","max-image-preview":"max-image-preview:large","max-video-preview":"max-video-preview:-1"},"canonical":"https:\/\/dianasilver.com\/de\/termek\/silberner-glaenzender-breiter-verstellbarer-ring\/","og_locale":"de_DE","og_type":"article","og_title":"Silberner gl\u00e4nzender breiter verstellbarer Ring | Diana Silver","og_description":"Fedezd fel a leny\u0171g\u00f6z\u0151 Silberner gl\u00e4nzender breiter verstellbarer Ring \u00e9kszer\u00fcnket. T\u00f6k\u00e9letes kieg\u00e9sz\u00edt\u0151 mindennapi viselethez \u00e9s k\u00fcl\u00f6nleges alkalmakra egyar\u00e1nt. Rendeld meg most!","og_url":"https:\/\/dianasilver.com\/de\/termek\/silberner-glaenzender-breiter-verstellbarer-ring\/","og_site_name":"Diana Silver","article_publisher":"https:\/\/www.facebook.com\/profile.php?id=100027231325117","article_modified_time":"2026-01-16T16:50:17+00:00","og_image":[{"width":800,"height":800,"url":"https:\/\/dianasilver.com\/wp-content\/uploads\/2022\/08\/ezust-fenyu-szeles-allithato-gyuru-1-scaled.jpg","type":"image\/jpeg"}],"twitter_card":"summary_large_image","twitter_misc":{"Gesch\u00e4tzte Lesezeit":"1\u00a0Minute"},"schema":{"@context":"https:\/\/schema.org","@graph":[{"@type":"WebPage","@id":"https:\/\/dianasilver.com\/de\/termek\/silberner-glaenzender-breiter-verstellbarer-ring\/","url":"https:\/\/dianasilver.com\/de\/termek\/silberner-glaenzender-breiter-verstellbarer-ring\/","name":"Silberner gl\u00e4nzender breiter verstellbarer Ring | Diana Silver","isPartOf":{"@id":"https:\/\/dianasilver.com\/de\/#website"},"primaryImageOfPage":{"@id":"https:\/\/dianasilver.com\/de\/termek\/silberner-glaenzender-breiter-verstellbarer-ring\/#primaryimage"},"image":{"@id":"https:\/\/dianasilver.com\/de\/termek\/silberner-glaenzender-breiter-verstellbarer-ring\/#primaryimage"},"thumbnailUrl":"https:\/\/dianasilver.com\/wp-content\/uploads\/2022\/08\/ezust-fenyu-szeles-allithato-gyuru-1-scaled.jpg","datePublished":"2022-08-31T10:39:14+00:00","dateModified":"2026-01-16T16:50:17+00:00","description":"Fedezd fel a leny\u0171g\u00f6z\u0151 Silberner gl\u00e4nzender breiter verstellbarer Ring \u00e9kszer\u00fcnket. T\u00f6k\u00e9letes kieg\u00e9sz\u00edt\u0151 mindennapi viselethez \u00e9s k\u00fcl\u00f6nleges alkalmakra egyar\u00e1nt. Rendeld meg most!","breadcrumb":{"@id":"https:\/\/dianasilver.com\/de\/termek\/silberner-glaenzender-breiter-verstellbarer-ring\/#breadcrumb"},"inLanguage":"de","potentialAction":[{"@type":"ReadAction","target":["https:\/\/dianasilver.com\/de\/termek\/silberner-glaenzender-breiter-verstellbarer-ring\/"]}]},{"@type":"ImageObject","inLanguage":"de","@id":"https:\/\/dianasilver.com\/de\/termek\/silberner-glaenzender-breiter-verstellbarer-ring\/#primaryimage","url":"https:\/\/dianasilver.com\/wp-content\/uploads\/2022\/08\/ezust-fenyu-szeles-allithato-gyuru-1-scaled.jpg","contentUrl":"https:\/\/dianasilver.com\/wp-content\/uploads\/2022\/08\/ezust-fenyu-szeles-allithato-gyuru-1-scaled.jpg","width":800,"height":800},{"@type":"BreadcrumbList","@id":"https:\/\/dianasilver.com\/de\/termek\/silberner-glaenzender-breiter-verstellbarer-ring\/#breadcrumb","itemListElement":[{"@type":"ListItem","position":1,"name":"Kezd\u0151lap","item":"https:\/\/dianasilver.com\/de\/diana-silver-silberschmuck-webshop\/"},{"@type":"ListItem","position":2,"name":"Shop","item":"https:\/\/dianasilver.com\/de\/shop\/"},{"@type":"ListItem","position":3,"name":"Silberner gl\u00e4nzender breiter verstellbarer Ring"}]},{"@type":"WebSite","@id":"https:\/\/dianasilver.com\/de\/#website","url":"https:\/\/dianasilver.com\/de\/","name":"Diana Silver","description":"Tedd t\u00f6k\u00e9letesebb\u00e9 mindennapjaid a Diana Silver \u00e9kszereivel.","publisher":{"@id":"https:\/\/dianasilver.com\/de\/#organization"},"alternateName":"Ez\u00fcst \u00c9kszer Web\u00e1ruh\u00e1z","potentialAction":[{"@type":"SearchAction","target":{"@type":"EntryPoint","urlTemplate":"https:\/\/dianasilver.com\/de\/?s={search_term_string}"},"query-input":{"@type":"PropertyValueSpecification","valueRequired":true,"valueName":"search_term_string"}}],"inLanguage":"de"},{"@type":"Organization","@id":"https:\/\/dianasilver.com\/de\/#organization","name":"Diana Silver","url":"https:\/\/dianasilver.com\/de\/","logo":{"@type":"ImageObject","inLanguage":"de","@id":"https:\/\/dianasilver.com\/de\/#\/schema\/logo\/image\/","url":"https:\/\/dianasilver.com\/wp-content\/uploads\/2022\/08\/ezust-feher-1-koves-buttonos-stekkeres-fulbevalo-42.webp","contentUrl":"https:\/\/dianasilver.com\/wp-content\/uploads\/2022\/08\/ezust-feher-1-koves-buttonos-stekkeres-fulbevalo-42.webp","width":300,"height":154,"caption":"Diana Silver"},"image":{"@id":"https:\/\/dianasilver.com\/de\/#\/schema\/logo\/image\/"},"sameAs":["https:\/\/www.facebook.com\/profile.php?id=100027231325117"]}]}},"_links":{"self":[{"href":"https:\/\/dianasilver.com\/de\/wp-json\/wp\/v2\/product\/113308","targetHints":{"allow":["GET"]}}],"collection":[{"href":"https:\/\/dianasilver.com\/de\/wp-json\/wp\/v2\/product"}],"about":[{"href":"https:\/\/dianasilver.com\/de\/wp-json\/wp\/v2\/types\/product"}],"version-history":[{"count":0,"href":"https:\/\/dianasilver.com\/de\/wp-json\/wp\/v2\/product\/113308\/revisions"}],"wp:featuredmedia":[{"embeddable":true,"href":"https:\/\/dianasilver.com\/de\/wp-json\/wp\/v2\/media\/94998"}],"wp:attachment":[{"href":"https:\/\/dianasilver.com\/de\/wp-json\/wp\/v2\/media?parent=113308"}],"wp:term":[{"taxonomy":"product_brand","embeddable":true,"href":"https:\/\/dianasilver.com\/de\/wp-json\/wp\/v2\/product_brand?post=113308"},{"taxonomy":"product_cat","embeddable":true,"href":"https:\/\/dianasilver.com\/de\/wp-json\/wp\/v2\/product_cat?post=113308"},{"taxonomy":"product_tag","embeddable":true,"href":"https:\/\/dianasilver.com\/de\/wp-json\/wp\/v2\/product_tag?post=113308"}],"curies":[{"name":"wp","href":"https:\/\/api.w.org\/{rel}","templated":true}]}}