{"id":112274,"date":"2025-06-08T21:48:52","date_gmt":"2025-06-08T19:48:52","guid":{"rendered":"https:\/\/dianasilver.hu\/termek\/silberner-lebensbaum-anhaenger-mit-farbigen-steinen\/"},"modified":"2026-03-10T00:21:49","modified_gmt":"2026-03-09T23:21:49","slug":"silberner-lebensbaum-anhaenger-mit-farbigen-steinen","status":"publish","type":"product","link":"https:\/\/dianasilver.com\/de\/termek\/silberner-lebensbaum-anhaenger-mit-farbigen-steinen\/","title":{"rendered":"Silberner Lebensbaum-Anh\u00e4nger mit farbigen Steinen"},"content":{"rendered":"<h2 data-start=\"399\" data-end=\"471\"><strong data-start=\"399\" data-end=\"471\">Die St\u00e4rke Ihrer Wurzeln und die Sch\u00f6nheit Ihres Wachstums in einem einzigen Juwel.<\/strong><\/h2>\n<p data-start=\"473\" data-end=\"775\">Dieser wundersch\u00f6ne Baum des Lebens-Anh\u00e4nger verbindet Spiritualit\u00e4t und Eleganz auf perfekte Weise. Die sorgf\u00e4ltig gearbeiteten \u00c4ste funkeln mit bunten Steinen, die die verschiedenen Gaben des Lebens repr\u00e4sentieren: Liebe, Glaube, Freude, Weisheit und \u00dcberfluss. Das Baummotiv symbolisiert die Verbundenheit untereinander: Vergangenheit, Gegenwart und Zukunft sind in einem Kreis vereint \ud83c\udf1f.<\/p>\n<p data-start=\"777\" data-end=\"949\">Der zarte und doch ausdrucksstarke Look dieses Schmucks erlaubt es Ihnen, ihn im Alltag oder zu besonderen Anl\u00e4ssen zu tragen &#8211; immer eine Erinnerung daran, wer Sie sind. \ud83d\udcab<\/p>\n<ul data-start=\"951\" data-end=\"1206\">\n<li data-start=\"951\" data-end=\"989\">\n<p data-start=\"953\" data-end=\"989\"><strong data-start=\"953\" data-end=\"987\">Rhodinierter Anh\u00e4nger aus 925er Sterlingsilber<\/strong><\/p>\n<\/li>\n<li data-start=\"990\" data-end=\"1057\">\n<p data-start=\"992\" data-end=\"1057\"><strong data-start=\"992\" data-end=\"1055\">Farbige Zirkoniasteine: Freude, Vielfalt, positive Energie<\/strong><\/p>\n<\/li>\n<li data-start=\"1058\" data-end=\"1102\">\n<p data-start=\"1060\" data-end=\"1102\"><strong data-start=\"1060\" data-end=\"1100\">Pr\u00e4zise Verarbeitung und ein gl\u00e4nzendes Finish<\/strong><\/p>\n<\/li>\n<li data-start=\"1103\" data-end=\"1165\">\n<p data-start=\"1105\" data-end=\"1165\"><strong data-start=\"1105\" data-end=\"1163\">Ein starkes Symbol: ein Juwel der Erneuerung und Stabilit\u00e4t<\/strong><\/p>\n<\/li>\n<li data-start=\"1166\" data-end=\"1206\">\n<p data-start=\"1168\" data-end=\"1206\"><strong data-start=\"1168\" data-end=\"1206\">Einfach mit einer Silberkette zu kombinieren<\/strong><\/p>\n<\/li>\n<\/ul>\n<p data-start=\"1208\" data-end=\"1433\">Dieser Anh\u00e4nger ist nicht nur Schmuck, sondern ein Spiegel Ihrer inneren Welt. Wenn Sie auf der Suche nach einem St\u00fcck sind, das zugleich besonders, herzlich und ausdrucksstark ist, dann ist dies Ihr Favorit. \ud83c\udf38 Holen Sie es sich jetzt und tragen Sie es mit Stolz als Symbol Ihrer Geschichte!<\/p>\n","protected":false},"excerpt":{"rendered":"<p data-start=\"167\" data-end=\"351\">Der mit farbenfrohen Steinen verzierte Anh\u00e4nger Baum des Lebens symbolisiert ewiges Wachstum, Harmonie und Schutz. Ein wahres Juwel, das die Seele erhebt und Sie an Ihre innere Ausstrahlung erinnert. \ud83c\udf08\u2728<\/p>\n","protected":false},"featured_media":106303,"template":"","meta":{"_acf_changed":false},"product_brand":[],"product_cat":[616,681],"product_tag":[527,634,576],"class_list":{"0":"post-112274","1":"product","2":"type-product","3":"status-publish","4":"has-post-thumbnail","6":"product_cat-silberne-anhanger","7":"product_cat-silberner-baum-des-lebens-anhanger","8":"product_tag-silberschmuck-fur-damen","9":"product_tag-farbenfroh","10":"product_tag-spirituell","11":"description-off","13":"first","14":"instock","15":"sale","16":"taxable","17":"shipping-taxable","18":"purchasable","19":"product-type-simple"},"acf":[],"yoast_head":"<!-- This site is optimized with the Yoast SEO plugin v27.4 - https:\/\/yoast.com\/product\/yoast-seo-wordpress\/ -->\n<title>Silberner Lebensbaum-Anh\u00e4nger mit farbigen Steinen | Diana Silver<\/title>\n<meta name=\"description\" content=\"Fedezd fel a leny\u0171g\u00f6z\u0151 Silberner Lebensbaum-Anh\u00e4nger mit farbigen Steinen \u00e9kszer\u00fcnket. T\u00f6k\u00e9letes kieg\u00e9sz\u00edt\u0151 mindennapi viselethez \u00e9s k\u00fcl\u00f6nleges alkalmakra egyar\u00e1nt. Rendeld meg most!\" \/>\n<meta name=\"robots\" content=\"index, follow, max-snippet:-1, max-image-preview:large, max-video-preview:-1\" \/>\n<link rel=\"canonical\" href=\"https:\/\/dianasilver.com\/de\/termek\/silberner-lebensbaum-anhaenger-mit-farbigen-steinen\/\" \/>\n<meta property=\"og:locale\" content=\"de_DE\" \/>\n<meta property=\"og:type\" content=\"article\" \/>\n<meta property=\"og:title\" content=\"Silberner Lebensbaum-Anh\u00e4nger mit farbigen Steinen | Diana Silver\" \/>\n<meta property=\"og:description\" content=\"Fedezd fel a leny\u0171g\u00f6z\u0151 Silberner Lebensbaum-Anh\u00e4nger mit farbigen Steinen \u00e9kszer\u00fcnket. T\u00f6k\u00e9letes kieg\u00e9sz\u00edt\u0151 mindennapi viselethez \u00e9s k\u00fcl\u00f6nleges alkalmakra egyar\u00e1nt. Rendeld meg most!\" \/>\n<meta property=\"og:url\" content=\"https:\/\/dianasilver.com\/de\/termek\/silberner-lebensbaum-anhaenger-mit-farbigen-steinen\/\" \/>\n<meta property=\"og:site_name\" content=\"Diana Silver\" \/>\n<meta property=\"article:publisher\" content=\"https:\/\/www.facebook.com\/profile.php?id=100027231325117\" \/>\n<meta property=\"article:modified_time\" content=\"2026-03-09T23:21:49+00:00\" \/>\n<meta property=\"og:image\" content=\"https:\/\/dianasilver.com\/wp-content\/uploads\/2025\/06\/Ezust-Eletfa-medal-szines-kovekkel.jpg\" \/>\n\t<meta property=\"og:image:width\" content=\"1430\" \/>\n\t<meta property=\"og:image:height\" content=\"2020\" \/>\n\t<meta property=\"og:image:type\" content=\"image\/jpeg\" \/>\n<meta name=\"twitter:card\" content=\"summary_large_image\" \/>\n<meta name=\"twitter:label1\" content=\"Gesch\u00e4tzte Lesezeit\" \/>\n\t<meta name=\"twitter:data1\" content=\"1\u00a0Minute\" \/>\n<script type=\"application\/ld+json\" class=\"yoast-schema-graph\">{\"@context\":\"https:\\\/\\\/schema.org\",\"@graph\":[{\"@type\":\"WebPage\",\"@id\":\"https:\\\/\\\/dianasilver.com\\\/de\\\/termek\\\/silberner-lebensbaum-anhaenger-mit-farbigen-steinen\\\/\",\"url\":\"https:\\\/\\\/dianasilver.com\\\/de\\\/termek\\\/silberner-lebensbaum-anhaenger-mit-farbigen-steinen\\\/\",\"name\":\"Silberner Lebensbaum-Anh\u00e4nger mit farbigen Steinen | Diana Silver\",\"isPartOf\":{\"@id\":\"https:\\\/\\\/dianasilver.com\\\/de\\\/#website\"},\"primaryImageOfPage\":{\"@id\":\"https:\\\/\\\/dianasilver.com\\\/de\\\/termek\\\/silberner-lebensbaum-anhaenger-mit-farbigen-steinen\\\/#primaryimage\"},\"image\":{\"@id\":\"https:\\\/\\\/dianasilver.com\\\/de\\\/termek\\\/silberner-lebensbaum-anhaenger-mit-farbigen-steinen\\\/#primaryimage\"},\"thumbnailUrl\":\"https:\\\/\\\/dianasilver.com\\\/wp-content\\\/uploads\\\/2025\\\/06\\\/Ezust-Eletfa-medal-szines-kovekkel.jpg\",\"datePublished\":\"2025-06-08T19:48:52+00:00\",\"dateModified\":\"2026-03-09T23:21:49+00:00\",\"description\":\"Fedezd fel a leny\u0171g\u00f6z\u0151 Silberner Lebensbaum-Anh\u00e4nger mit farbigen Steinen \u00e9kszer\u00fcnket. T\u00f6k\u00e9letes kieg\u00e9sz\u00edt\u0151 mindennapi viselethez \u00e9s k\u00fcl\u00f6nleges alkalmakra egyar\u00e1nt. Rendeld meg most!\",\"breadcrumb\":{\"@id\":\"https:\\\/\\\/dianasilver.com\\\/de\\\/termek\\\/silberner-lebensbaum-anhaenger-mit-farbigen-steinen\\\/#breadcrumb\"},\"inLanguage\":\"de\",\"potentialAction\":[{\"@type\":\"ReadAction\",\"target\":[\"https:\\\/\\\/dianasilver.com\\\/de\\\/termek\\\/silberner-lebensbaum-anhaenger-mit-farbigen-steinen\\\/\"]}]},{\"@type\":\"ImageObject\",\"inLanguage\":\"de\",\"@id\":\"https:\\\/\\\/dianasilver.com\\\/de\\\/termek\\\/silberner-lebensbaum-anhaenger-mit-farbigen-steinen\\\/#primaryimage\",\"url\":\"https:\\\/\\\/dianasilver.com\\\/wp-content\\\/uploads\\\/2025\\\/06\\\/Ezust-Eletfa-medal-szines-kovekkel.jpg\",\"contentUrl\":\"https:\\\/\\\/dianasilver.com\\\/wp-content\\\/uploads\\\/2025\\\/06\\\/Ezust-Eletfa-medal-szines-kovekkel.jpg\",\"width\":1430,\"height\":2020},{\"@type\":\"BreadcrumbList\",\"@id\":\"https:\\\/\\\/dianasilver.com\\\/de\\\/termek\\\/silberner-lebensbaum-anhaenger-mit-farbigen-steinen\\\/#breadcrumb\",\"itemListElement\":[{\"@type\":\"ListItem\",\"position\":1,\"name\":\"Kezd\u0151lap\",\"item\":\"https:\\\/\\\/dianasilver.com\\\/de\\\/diana-silver-silberschmuck-webshop\\\/\"},{\"@type\":\"ListItem\",\"position\":2,\"name\":\"Shop\",\"item\":\"https:\\\/\\\/dianasilver.com\\\/de\\\/shop\\\/\"},{\"@type\":\"ListItem\",\"position\":3,\"name\":\"Silberner Lebensbaum-Anh\u00e4nger mit farbigen Steinen\"}]},{\"@type\":\"WebSite\",\"@id\":\"https:\\\/\\\/dianasilver.com\\\/de\\\/#website\",\"url\":\"https:\\\/\\\/dianasilver.com\\\/de\\\/\",\"name\":\"Diana Silver\",\"description\":\"Tedd t\u00f6k\u00e9letesebb\u00e9 mindennapjaid a Diana Silver \u00e9kszereivel.\",\"publisher\":{\"@id\":\"https:\\\/\\\/dianasilver.com\\\/de\\\/#organization\"},\"alternateName\":\"Ez\u00fcst \u00c9kszer Web\u00e1ruh\u00e1z\",\"potentialAction\":[{\"@type\":\"SearchAction\",\"target\":{\"@type\":\"EntryPoint\",\"urlTemplate\":\"https:\\\/\\\/dianasilver.com\\\/de\\\/?s={search_term_string}\"},\"query-input\":{\"@type\":\"PropertyValueSpecification\",\"valueRequired\":true,\"valueName\":\"search_term_string\"}}],\"inLanguage\":\"de\"},{\"@type\":\"Organization\",\"@id\":\"https:\\\/\\\/dianasilver.com\\\/de\\\/#organization\",\"name\":\"Diana Silver\",\"url\":\"https:\\\/\\\/dianasilver.com\\\/de\\\/\",\"logo\":{\"@type\":\"ImageObject\",\"inLanguage\":\"de\",\"@id\":\"https:\\\/\\\/dianasilver.com\\\/de\\\/#\\\/schema\\\/logo\\\/image\\\/\",\"url\":\"https:\\\/\\\/dianasilver.com\\\/wp-content\\\/uploads\\\/2022\\\/08\\\/ezust-feher-1-koves-buttonos-stekkeres-fulbevalo-42.webp\",\"contentUrl\":\"https:\\\/\\\/dianasilver.com\\\/wp-content\\\/uploads\\\/2022\\\/08\\\/ezust-feher-1-koves-buttonos-stekkeres-fulbevalo-42.webp\",\"width\":300,\"height\":154,\"caption\":\"Diana Silver\"},\"image\":{\"@id\":\"https:\\\/\\\/dianasilver.com\\\/de\\\/#\\\/schema\\\/logo\\\/image\\\/\"},\"sameAs\":[\"https:\\\/\\\/www.facebook.com\\\/profile.php?id=100027231325117\"]}]}<\/script>\n<!-- \/ Yoast SEO plugin. -->","yoast_head_json":{"title":"Silberner Lebensbaum-Anh\u00e4nger mit farbigen Steinen | Diana Silver","description":"Fedezd fel a leny\u0171g\u00f6z\u0151 Silberner Lebensbaum-Anh\u00e4nger mit farbigen Steinen \u00e9kszer\u00fcnket. T\u00f6k\u00e9letes kieg\u00e9sz\u00edt\u0151 mindennapi viselethez \u00e9s k\u00fcl\u00f6nleges alkalmakra egyar\u00e1nt. Rendeld meg most!","robots":{"index":"index","follow":"follow","max-snippet":"max-snippet:-1","max-image-preview":"max-image-preview:large","max-video-preview":"max-video-preview:-1"},"canonical":"https:\/\/dianasilver.com\/de\/termek\/silberner-lebensbaum-anhaenger-mit-farbigen-steinen\/","og_locale":"de_DE","og_type":"article","og_title":"Silberner Lebensbaum-Anh\u00e4nger mit farbigen Steinen | Diana Silver","og_description":"Fedezd fel a leny\u0171g\u00f6z\u0151 Silberner Lebensbaum-Anh\u00e4nger mit farbigen Steinen \u00e9kszer\u00fcnket. T\u00f6k\u00e9letes kieg\u00e9sz\u00edt\u0151 mindennapi viselethez \u00e9s k\u00fcl\u00f6nleges alkalmakra egyar\u00e1nt. Rendeld meg most!","og_url":"https:\/\/dianasilver.com\/de\/termek\/silberner-lebensbaum-anhaenger-mit-farbigen-steinen\/","og_site_name":"Diana Silver","article_publisher":"https:\/\/www.facebook.com\/profile.php?id=100027231325117","article_modified_time":"2026-03-09T23:21:49+00:00","og_image":[{"width":1430,"height":2020,"url":"https:\/\/dianasilver.com\/wp-content\/uploads\/2025\/06\/Ezust-Eletfa-medal-szines-kovekkel.jpg","type":"image\/jpeg"}],"twitter_card":"summary_large_image","twitter_misc":{"Gesch\u00e4tzte Lesezeit":"1\u00a0Minute"},"schema":{"@context":"https:\/\/schema.org","@graph":[{"@type":"WebPage","@id":"https:\/\/dianasilver.com\/de\/termek\/silberner-lebensbaum-anhaenger-mit-farbigen-steinen\/","url":"https:\/\/dianasilver.com\/de\/termek\/silberner-lebensbaum-anhaenger-mit-farbigen-steinen\/","name":"Silberner Lebensbaum-Anh\u00e4nger mit farbigen Steinen | Diana Silver","isPartOf":{"@id":"https:\/\/dianasilver.com\/de\/#website"},"primaryImageOfPage":{"@id":"https:\/\/dianasilver.com\/de\/termek\/silberner-lebensbaum-anhaenger-mit-farbigen-steinen\/#primaryimage"},"image":{"@id":"https:\/\/dianasilver.com\/de\/termek\/silberner-lebensbaum-anhaenger-mit-farbigen-steinen\/#primaryimage"},"thumbnailUrl":"https:\/\/dianasilver.com\/wp-content\/uploads\/2025\/06\/Ezust-Eletfa-medal-szines-kovekkel.jpg","datePublished":"2025-06-08T19:48:52+00:00","dateModified":"2026-03-09T23:21:49+00:00","description":"Fedezd fel a leny\u0171g\u00f6z\u0151 Silberner Lebensbaum-Anh\u00e4nger mit farbigen Steinen \u00e9kszer\u00fcnket. T\u00f6k\u00e9letes kieg\u00e9sz\u00edt\u0151 mindennapi viselethez \u00e9s k\u00fcl\u00f6nleges alkalmakra egyar\u00e1nt. Rendeld meg most!","breadcrumb":{"@id":"https:\/\/dianasilver.com\/de\/termek\/silberner-lebensbaum-anhaenger-mit-farbigen-steinen\/#breadcrumb"},"inLanguage":"de","potentialAction":[{"@type":"ReadAction","target":["https:\/\/dianasilver.com\/de\/termek\/silberner-lebensbaum-anhaenger-mit-farbigen-steinen\/"]}]},{"@type":"ImageObject","inLanguage":"de","@id":"https:\/\/dianasilver.com\/de\/termek\/silberner-lebensbaum-anhaenger-mit-farbigen-steinen\/#primaryimage","url":"https:\/\/dianasilver.com\/wp-content\/uploads\/2025\/06\/Ezust-Eletfa-medal-szines-kovekkel.jpg","contentUrl":"https:\/\/dianasilver.com\/wp-content\/uploads\/2025\/06\/Ezust-Eletfa-medal-szines-kovekkel.jpg","width":1430,"height":2020},{"@type":"BreadcrumbList","@id":"https:\/\/dianasilver.com\/de\/termek\/silberner-lebensbaum-anhaenger-mit-farbigen-steinen\/#breadcrumb","itemListElement":[{"@type":"ListItem","position":1,"name":"Kezd\u0151lap","item":"https:\/\/dianasilver.com\/de\/diana-silver-silberschmuck-webshop\/"},{"@type":"ListItem","position":2,"name":"Shop","item":"https:\/\/dianasilver.com\/de\/shop\/"},{"@type":"ListItem","position":3,"name":"Silberner Lebensbaum-Anh\u00e4nger mit farbigen Steinen"}]},{"@type":"WebSite","@id":"https:\/\/dianasilver.com\/de\/#website","url":"https:\/\/dianasilver.com\/de\/","name":"Diana Silver","description":"Tedd t\u00f6k\u00e9letesebb\u00e9 mindennapjaid a Diana Silver \u00e9kszereivel.","publisher":{"@id":"https:\/\/dianasilver.com\/de\/#organization"},"alternateName":"Ez\u00fcst \u00c9kszer Web\u00e1ruh\u00e1z","potentialAction":[{"@type":"SearchAction","target":{"@type":"EntryPoint","urlTemplate":"https:\/\/dianasilver.com\/de\/?s={search_term_string}"},"query-input":{"@type":"PropertyValueSpecification","valueRequired":true,"valueName":"search_term_string"}}],"inLanguage":"de"},{"@type":"Organization","@id":"https:\/\/dianasilver.com\/de\/#organization","name":"Diana Silver","url":"https:\/\/dianasilver.com\/de\/","logo":{"@type":"ImageObject","inLanguage":"de","@id":"https:\/\/dianasilver.com\/de\/#\/schema\/logo\/image\/","url":"https:\/\/dianasilver.com\/wp-content\/uploads\/2022\/08\/ezust-feher-1-koves-buttonos-stekkeres-fulbevalo-42.webp","contentUrl":"https:\/\/dianasilver.com\/wp-content\/uploads\/2022\/08\/ezust-feher-1-koves-buttonos-stekkeres-fulbevalo-42.webp","width":300,"height":154,"caption":"Diana Silver"},"image":{"@id":"https:\/\/dianasilver.com\/de\/#\/schema\/logo\/image\/"},"sameAs":["https:\/\/www.facebook.com\/profile.php?id=100027231325117"]}]}},"_links":{"self":[{"href":"https:\/\/dianasilver.com\/de\/wp-json\/wp\/v2\/product\/112274","targetHints":{"allow":["GET"]}}],"collection":[{"href":"https:\/\/dianasilver.com\/de\/wp-json\/wp\/v2\/product"}],"about":[{"href":"https:\/\/dianasilver.com\/de\/wp-json\/wp\/v2\/types\/product"}],"version-history":[{"count":0,"href":"https:\/\/dianasilver.com\/de\/wp-json\/wp\/v2\/product\/112274\/revisions"}],"wp:featuredmedia":[{"embeddable":true,"href":"https:\/\/dianasilver.com\/de\/wp-json\/wp\/v2\/media\/106303"}],"wp:attachment":[{"href":"https:\/\/dianasilver.com\/de\/wp-json\/wp\/v2\/media?parent=112274"}],"wp:term":[{"taxonomy":"product_brand","embeddable":true,"href":"https:\/\/dianasilver.com\/de\/wp-json\/wp\/v2\/product_brand?post=112274"},{"taxonomy":"product_cat","embeddable":true,"href":"https:\/\/dianasilver.com\/de\/wp-json\/wp\/v2\/product_cat?post=112274"},{"taxonomy":"product_tag","embeddable":true,"href":"https:\/\/dianasilver.com\/de\/wp-json\/wp\/v2\/product_tag?post=112274"}],"curies":[{"name":"wp","href":"https:\/\/api.w.org\/{rel}","templated":true}]}}